{"id":9905,"date":"2025-08-21T12:00:24","date_gmt":"2025-08-21T12:00:24","guid":{"rendered":"https:\/\/humanitas.edu.pl\/?page_id=9905"},"modified":"2025-08-21T12:01:34","modified_gmt":"2025-08-21T12:01:34","slug":"%d0%bf%d1%80%d0%b8%d0%b9%d0%be%d0%bc%d0%bd%d1%96-%d0%b3%d0%be%d0%b4%d0%b8%d0%bd%d0%b8-%d0%b4%d0%b5%d0%ba%d0%b0%d0%bd%d0%b0%d1%82%d1%83","status":"publish","type":"page","link":"https:\/\/humanitas.edu.pl\/uk\/kongres-praktykow-biznesu\/%d0%bf%d1%80%d0%b8%d0%b9%d0%be%d0%bc%d0%bd%d1%96-%d0%b3%d0%be%d0%b4%d0%b8%d0%bd%d0%b8-%d0%b4%d0%b5%d0%ba%d0%b0%d0%bd%d0%b0%d1%82%d1%83\/","title":{"rendered":"\u041f\u0440\u0438\u0439\u043e\u043c\u043d\u0456 \u0433\u043e\u0434\u0438\u043d\u0438 \u0434\u0435\u043a\u0430\u043d\u0430\u0442\u0443"},"content":{"rendered":"<section class=\"block-hero\">\n            <figure class=\"block-hero__background-image\">\n            <img loading=\"lazy\" decoding=\"async\" width=\"1094\" height=\"600\" src=\"https:\/\/humanitas.edu.pl\/wp-content\/uploads\/2025\/08\/DSC03140-1094x600.jpg\" class=\"attachment-hero size-hero\" alt=\"\" aria-hidden=\"true\" \/>        <\/figure>\n        <div class=\"container\">\n        <div class=\"block-hero__wrapper\">\n            \n<section class=\"breadcrumbs breadcrumbs--secondary\">\n    <div class=\"breadcrumbs__wrapper\">\n        <a href=\"https:\/\/humanitas.edu.pl\/uk\/\" class=\"breadcrumbs__link\">\n            \u0413\u043e\u043b\u043e\u0432\u043d\u0430 \u0441\u0442\u043e\u0440\u0456\u043d\u043a\u0430        <\/a>\n        <svg aria-hidden=\"true\" focusable=\"false\" width=\"7\" height=\"7\" viewBox=\"0 0 5.6 9\" xmlns=\"http:\/\/www.w3.org\/2000\/svg\"><path d=\"M1.1 0L0 1.1l3.4 3.4L0 7.9 1.1 9l4.5-4.5z\"\/><\/svg>\n            <\/div>\n<\/section>            <h1 class=\"block-hero__title fade-in  \">\u041f\u0440\u0438\u0439\u043e\u043c\u043d\u0456 \u0433\u043e\u0434\u0438\u043d\u0438 \u0434\u0435\u043a\u0430\u043d\u0430\u0442\u0443<\/h1>\n                    <\/div>\n    <\/div>\n    <\/section>\n<nav class=\"secondary-menu secondary-menu--automatic\">\n    <div class=\"container fade-in\">\n        <ul class=\"secondary-menu__list js-delay\">\n                                                    <li class=\"menu-item js-delay-item\">\n                            <a\n                                href=\"#program\"\n                                class=\"secondary-menu__link\"\n                                target=\"_self\"\n                                aria-label=\"Program\"\n                                title=\"Program\">Program<\/a>\n                        <\/li>\n                                        <li class=\"menu-item js-delay-item\">\n                            <a\n                                href=\"#rejestracja\"\n                                class=\"secondary-menu__link\"\n                                target=\"_self\"\n                                aria-label=\"Rejestracja\"\n                                title=\"Rejestracja\">Rejestracja<\/a>\n                        <\/li>\n                                        <li class=\"menu-item js-delay-item\">\n                            <a\n                                href=\"#warsztaty\"\n                                class=\"secondary-menu__link\"\n                                target=\"_self\"\n                                aria-label=\"Warsztaty\"\n                                title=\"Warsztaty\">Warsztaty<\/a>\n                        <\/li>\n                                        <li class=\"menu-item js-delay-item\">\n                            <a\n                                href=\"#prelegenci\"\n                                class=\"secondary-menu__link\"\n                                target=\"_self\"\n                                aria-label=\"Prelegenci\"\n                                title=\"Prelegenci\">Prelegenci<\/a>\n                        <\/li>\n                                        <li class=\"menu-item js-delay-item\">\n                            <a\n                                href=\"#patronat-honorowy\"\n                                class=\"secondary-menu__link\"\n                                target=\"_self\"\n                                aria-label=\"Patronat honorowy\"\n                                title=\"Patronat honorowy\">Patronat honorowy<\/a>\n                        <\/li>\n                                        <li class=\"menu-item js-delay-item\">\n                            <a\n                                href=\"#patronat\"\n                                class=\"secondary-menu__link\"\n                                target=\"_self\"\n                                aria-label=\"Patronat\"\n                                title=\"Patronat\">Patronat<\/a>\n                        <\/li>\n                                        <li class=\"menu-item js-delay-item\">\n                            <a\n                                href=\"#patronat-medialny\"\n                                class=\"secondary-menu__link\"\n                                target=\"_self\"\n                                aria-label=\"Patronat medialny\"\n                                title=\"Patronat medialny\">Patronat medialny<\/a>\n                        <\/li>\n                                        <li class=\"menu-item js-delay-item\">\n                            <a\n                                href=\"#partnerzy\"\n                                class=\"secondary-menu__link\"\n                                target=\"_self\"\n                                aria-label=\"Partnerzy\"\n                                title=\"Partnerzy\">Partnerzy<\/a>\n                        <\/li>\n                                        <li class=\"menu-item js-delay-item\">\n                            <a\n                                href=\"#kontakt\"\n                                class=\"secondary-menu__link\"\n                                target=\"_self\"\n                                aria-label=\"Kontakt\"\n                                title=\"Kontakt\">Kontakt<\/a>\n                        <\/li>\n                                    <\/ul>\n    <\/div>\n<\/nav>    <section\n        class=\"block-content-with-gallery block-content-with-gallery--light-blue block-content-with-gallery--left\"\n        id=\"block_1de9edd15882e45d2754df8103093a0b\">\n                    \n<div class=\"triangle triangle--top-left default\">\n    <svg aria-hidden=\"true\" focusable=\"false\" width=\"1440\" height=\"98\" viewBox=\"0 0 1440 98\" fill=\"none\" xmlns=\"http:\/\/www.w3.org\/2000\/svg\">\n<path d=\"M0 98L1440 0H0V98Z\" fill=\"white\"\/>\n<\/svg>\n<\/div>\n                <div class=\"container\">\n            <div class=\"block-content-with-gallery__wrapper\">\n                <div class=\"block-content-with-gallery__gallery js-delay fade-in\">\n                                                                        <figure class=\"block-content-with-gallery__item js-delay-item\">\n                                <img loading=\"lazy\" decoding=\"async\" width=\"1200\" height=\"630\" src=\"https:\/\/humanitas.edu.pl\/wp-content\/uploads\/2025\/08\/Kongres-1200.jpg\" class=\"attachment-full-size size-full-size\" alt=\"\" aria-hidden=\"true\" srcset=\"https:\/\/humanitas.edu.pl\/wp-content\/uploads\/2025\/08\/Kongres-1200.jpg 1200w, https:\/\/humanitas.edu.pl\/wp-content\/uploads\/2025\/08\/Kongres-1200-300x158.jpg 300w, https:\/\/humanitas.edu.pl\/wp-content\/uploads\/2025\/08\/Kongres-1200-1024x538.jpg 1024w, https:\/\/humanitas.edu.pl\/wp-content\/uploads\/2025\/08\/Kongres-1200-768x403.jpg 768w\" sizes=\"(max-width: 1200px) 100vw, 1200px\" \/>                            <\/figure>\n                                                            <\/div>\n                <div id=\"block-69f3d118f1c7d1.00884287\" class=\"block-content-with-gallery__content\">\n                    <h2\n                        class=\"block-content-with-gallery__title heading-underline heading-dot fade-in \">\n                        VII Kongres Praktyk\u00f3w Biznesu &#8211; ju\u017c 24 wrze\u015bnia 2025 r. w Akademii Humanitas<\/h3>\n                        <div class=\"block-content-with-gallery__text fade-in\">\n\n                                                            <div class=\"block-content-with-gallery__text-truncated\">\n                                    <p>Serdecznie zapraszamy na VII Kongres Praktyk\u00f3w Biznesu \u2013 wyj\u0105tkowe wydarzenie, b\u0119d\u0105ce przestrzeni\u0105 spotka\u0144 i inspiruj\u0105cej wymiany do\u015bwiadcze\u0144 pomi\u0119dzy przedstawicielami biznesu, \u015bwiata nauki oraz samorz\u0105du. Tegoroczna edycja jest oficjaln\u0105 zapowiedzi\u0105 Europejskiego Kongresu Ma\u0142ych i \u015arednich Przedsi\u0119biorstw.<\/p>\n                                <\/div>\n\n                                <div class=\"block-content-with-gallery__text-full\" style=\"display: none;\">\n                                    <p>Serdecznie zapraszamy na VII Kongres Praktyk\u00f3w Biznesu \u2013 wyj\u0105tkowe wydarzenie, b\u0119d\u0105ce przestrzeni\u0105 spotka\u0144 i inspiruj\u0105cej wymiany do\u015bwiadcze\u0144 pomi\u0119dzy przedstawicielami biznesu, \u015bwiata nauki oraz samorz\u0105du. Tegoroczna edycja jest oficjaln\u0105 zapowiedzi\u0105 Europejskiego Kongresu Ma\u0142ych i \u015arednich Przedsi\u0119biorstw.<\/p>\n<p>Kongres skierowany jest do przedsi\u0119biorc\u00f3w, mened\u017cer\u00f3w, samorz\u0105dowc\u00f3w, wyk\u0142adowc\u00f3w, student\u00f3w oraz wszystkich os\u00f3b zainteresowanych nowoczesnymi rozwi\u0105zaniami w biznesie i edukacji.<br \/>\nCelem wydarzenia jest integracja r\u00f3\u017cnych \u015brodowisk oraz promowanie wsp\u00f3\u0142pracy na rzecz rozwoju lokalnych spo\u0142eczno\u015bci i gospodarki.<\/p>\n<p>Udzia\u0142 w Kongresie jest <strong>bezp\u0142atny<\/strong>, jednak obowi\u0105zuje wcze\u015bniejsza rejestracja poprzez formularz dost\u0119pny poni\u017cej.<\/p>\n                                <\/div>\n\n                                <button class=\"block-content-with-gallery__read-more\"\n                                    data-read-more=\"\u0427\u0438\u0442\u0430\u0442\u0438 \u0431\u0456\u043b\u044c\u0448\u0435\"\n                                    data-read-less=\"\u041f\u043e\u043a\u0430\u0437\u0430\u0442\u0438 \u043c\u0435\u043d\u0448\u0435\">\n                                    \u0427\u0438\u0442\u0430\u0442\u0438 \u0431\u0456\u043b\u044c\u0448\u0435                                <\/button>\n                            \n                        <\/div>\n                                        <\/div>\n            <\/div>\n        <\/div>\n                    \n<div class=\"triangle triangle--bottom-right default\">\n    <svg aria-hidden=\"true\" focusable=\"false\" width=\"1440\" height=\"98\" viewBox=\"0 0 1440 98\" fill=\"none\" xmlns=\"http:\/\/www.w3.org\/2000\/svg\">\n<path d=\"M1440 0L0 98H1440V0Z\" fill=\"white\"\/>\n<\/svg>\n<\/div>\n            <\/section>\n\n    <script>\n        document.addEventListener('DOMContentLoaded', function() {\n            var containerId = \"block-69f3d118f1c7d1.00884287\";\n            var container = document.getElementById(containerId);\n\n            if (container) {\n                const button = container.querySelector('.block-content-with-gallery__read-more');\n                const truncated = container.querySelector('.block-content-with-gallery__text-truncated');\n                const full = container.querySelector('.block-content-with-gallery__text-full');\n\n                button.addEventListener('click', function() {\n                    if (truncated.style.display !== 'none') {\n                        truncated.style.display = 'none';\n                        full.style.display = 'block';\n                        button.textContent = button.getAttribute('data-read-less');\n                    } else {\n                        truncated.style.display = 'block';\n                        full.style.display = 'none';\n                        button.textContent = button.getAttribute('data-read-more');\n                    }\n                });\n            }\n        });\n    <\/script>\n    <section\n        class=\"block-content-with-gallery block-content-with-gallery--white block-content-with-gallery--right\"\n        id=\"program\">\n                <div class=\"container\">\n            <div class=\"block-content-with-gallery__wrapper\">\n                <div class=\"block-content-with-gallery__gallery js-delay fade-in\">\n                                                                        <figure class=\"block-content-with-gallery__item js-delay-item\">\n                                <img loading=\"lazy\" decoding=\"async\" width=\"2048\" height=\"1152\" src=\"https:\/\/humanitas.edu.pl\/wp-content\/uploads\/2025\/08\/DSC03140.jpg\" class=\"attachment-full-size size-full-size\" alt=\"\" aria-hidden=\"true\" srcset=\"https:\/\/humanitas.edu.pl\/wp-content\/uploads\/2025\/08\/DSC03140.jpg 2048w, https:\/\/humanitas.edu.pl\/wp-content\/uploads\/2025\/08\/DSC03140-300x169.jpg 300w, https:\/\/humanitas.edu.pl\/wp-content\/uploads\/2025\/08\/DSC03140-1024x576.jpg 1024w, https:\/\/humanitas.edu.pl\/wp-content\/uploads\/2025\/08\/DSC03140-768x432.jpg 768w, https:\/\/humanitas.edu.pl\/wp-content\/uploads\/2025\/08\/DSC03140-1536x864.jpg 1536w\" sizes=\"(max-width: 2048px) 100vw, 2048px\" \/>                            <\/figure>\n                                                            <\/div>\n                <div id=\"block-69f3d11901f059.86751213\" class=\"block-content-with-gallery__content\">\n                    <h2\n                        class=\"block-content-with-gallery__title heading-underline heading-dot fade-in \">\n                        Program<\/h3>\n                        <div class=\"block-content-with-gallery__text fade-in\">\n\n                                                            <div class=\"block-content-with-gallery__text-truncated\">\n                                    <p>Tegoroczna edycja to szereg wyk\u0142ad\u00f3w i praktycznych warsztat\u00f3w. Zapoznaj si\u0119 z programem.<\/p>\n                                <\/div>\n\n                                <div class=\"block-content-with-gallery__text-full\" style=\"display: none;\">\n                                    <p>Tegoroczna edycja to szereg wyk\u0142ad\u00f3w i praktycznych warsztat\u00f3w. Zapoznaj si\u0119 z programem.<\/p>\n<p><strong>09:00-09:30 | Rejestracja uczestnik\u00f3w i networking<br \/>\n<\/strong><strong>09:30-09:45 | Uroczyste otwarcie<\/strong><\/p>\n<ul>\n<li>Powitanie przez Rektora AH<\/li>\n<li>Wyst\u0105pienia przedstawicieli partner\u00f3w strategicznych<\/li>\n<\/ul>\n<p><strong>09:45-10:30\u00a0 WYST\u0104PIENIE\u2013 Wojciech Bizub <\/strong>\u2013 <em>Co ka\u017cdy powinien wiedzie\u0107 o marketingu, ale nie wie, jak zapyta\u0107?<\/em><strong><br \/>\n<\/strong><strong>10:30-11:00\u00a0 WYST\u0104PIENIE \u2013 Roman Kawszyn <\/strong>\u2013 <em>Strategie mentalne skuteczno\u015bci biznesowej<br \/>\n<\/em><strong>11:00-11:30\u00a0 WYST\u0104PIENIE \u2013 Pawe\u0142 Burczyk <\/strong>\u2013 <em>Komunikacja serca<br \/>\n<\/em><strong>11:30-11:45\u00a0 Przerwa<br \/>\n<\/strong><strong>11:45-12:45\u00a0 DEBATA \u2013 Moderator Mi\u0142osz Omastka <\/strong>\u2013 <em>Nauka \u2013 Biznes \u2013 Samorz\u0105d: partnerstwo czy gra interes\u00f3w? Kto naprawd\u0119 zyskuje na wsp\u00f3\u0142pracy tr\u00f3jsektorowej?<\/em><br \/>\n<strong>12:45-13:15\u00a0 Lunch i networking<\/strong><br \/>\n<strong>13:15-13:45\u00a0 WYST\u0104PIENIE \u2013 Marta Frankiewicz<\/strong> \u2013 <em>Odwaga jako kompetencja przysz\u0142o\u015bci<\/em><br \/>\n<strong>13:45-14:15\u00a0 WYST\u0104PIENIE \u2013 Joanna Tokar i Anna Majkowska<\/strong> \u2013 <em>Budowanie wizerunku z AI \u2013 jak technologia wspiera nasz\u0105 obecno\u015b\u0107 w sieci<\/em><br \/>\n<strong>14:15-14:30\u00a0 Przerwa<\/strong><br \/>\n<strong>14:30-16:00\u00a0 Warsztaty rozwojowe<\/strong><br \/>\nWarsztat 1 \u2013 Kamil Bechta<em>\u00a0Architektura Um\u00f3w<\/em><br \/>\nWarsztat 2 \u2013 dr in\u017c. Joanna Tokar, prof AH. i Anna Majkowska\u00a0<em>Budowanie wizerunku z AI \u2013 warsztat praktyczny<\/em><br \/>\nWarsztat 3 \u2013 Marek Kowalczyk<em>\u00a0Jak ogarn\u0105\u0107 chaos w \u015brodowisku wieloprojektowym?<\/em><br \/>\nWarsztat 4 \u2013 Ryszard Budniok\u00a0<em>Skuteczne wdro\u017cenie QRQC w organizacji z uwzgl\u0119dnieniem rozwi\u0105za\u0144 technicznych<\/em><\/p>\n                                <\/div>\n\n                                <button class=\"block-content-with-gallery__read-more\"\n                                    data-read-more=\"\u0427\u0438\u0442\u0430\u0442\u0438 \u0431\u0456\u043b\u044c\u0448\u0435\"\n                                    data-read-less=\"\u041f\u043e\u043a\u0430\u0437\u0430\u0442\u0438 \u043c\u0435\u043d\u0448\u0435\">\n                                    \u0427\u0438\u0442\u0430\u0442\u0438 \u0431\u0456\u043b\u044c\u0448\u0435                                <\/button>\n                            \n                        <\/div>\n                                        <\/div>\n            <\/div>\n        <\/div>\n            <\/section>\n\n    <script>\n        document.addEventListener('DOMContentLoaded', function() {\n            var containerId = \"block-69f3d11901f059.86751213\";\n            var container = document.getElementById(containerId);\n\n            if (container) {\n                const button = container.querySelector('.block-content-with-gallery__read-more');\n                const truncated = container.querySelector('.block-content-with-gallery__text-truncated');\n                const full = container.querySelector('.block-content-with-gallery__text-full');\n\n                button.addEventListener('click', function() {\n                    if (truncated.style.display !== 'none') {\n                        truncated.style.display = 'none';\n                        full.style.display = 'block';\n                        button.textContent = button.getAttribute('data-read-less');\n                    } else {\n                        truncated.style.display = 'block';\n                        full.style.display = 'none';\n                        button.textContent = button.getAttribute('data-read-more');\n                    }\n                });\n            }\n        });\n    <\/script>\n    <section\n        class=\"block-content-with-gallery block-content-with-gallery--light-blue block-content-with-gallery--left\"\n        id=\"rejestracja\">\n                    \n<div class=\"triangle triangle--top-left default\">\n    <svg aria-hidden=\"true\" focusable=\"false\" width=\"1440\" height=\"98\" viewBox=\"0 0 1440 98\" fill=\"none\" xmlns=\"http:\/\/www.w3.org\/2000\/svg\">\n<path d=\"M0 98L1440 0H0V98Z\" fill=\"white\"\/>\n<\/svg>\n<\/div>\n                <div class=\"container\">\n            <div class=\"block-content-with-gallery__wrapper\">\n                <div class=\"block-content-with-gallery__gallery js-delay fade-in\">\n                                                                        <figure class=\"block-content-with-gallery__item js-delay-item\">\n                                <img loading=\"lazy\" decoding=\"async\" width=\"2048\" height=\"1152\" src=\"https:\/\/humanitas.edu.pl\/wp-content\/uploads\/2025\/08\/DSC02748.jpg\" class=\"attachment-full-size size-full-size\" alt=\"\" aria-hidden=\"true\" srcset=\"https:\/\/humanitas.edu.pl\/wp-content\/uploads\/2025\/08\/DSC02748.jpg 2048w, https:\/\/humanitas.edu.pl\/wp-content\/uploads\/2025\/08\/DSC02748-300x169.jpg 300w, https:\/\/humanitas.edu.pl\/wp-content\/uploads\/2025\/08\/DSC02748-1024x576.jpg 1024w, https:\/\/humanitas.edu.pl\/wp-content\/uploads\/2025\/08\/DSC02748-768x432.jpg 768w, https:\/\/humanitas.edu.pl\/wp-content\/uploads\/2025\/08\/DSC02748-1536x864.jpg 1536w\" sizes=\"(max-width: 2048px) 100vw, 2048px\" \/>                            <\/figure>\n                                                            <\/div>\n                <div id=\"block-69f3d11904f9a9.40830680\" class=\"block-content-with-gallery__content\">\n                    <h2\n                        class=\"block-content-with-gallery__title heading-underline heading-dot fade-in \">\n                        Rejestracja<\/h3>\n                        <div class=\"block-content-with-gallery__text fade-in\">\n\n                                                            <div class=\"block-content-with-gallery__text-full\">\n                                    <p>Udzia\u0142 w wydarzeniu jest bezp\u0142atny, jednak wymagana jest rejestracja. Liczba miejsc ograniczona!<\/p>\n                                <\/div>\n                            \n                        <\/div>\n                                                    \n    <a \n        href=\"https:\/\/forms.office.com\/pages\/responsepage.aspx?id=HOBmGTTloku8m-03PbJsrPGehQt7yYdNgkcsN5momo1UNzVDTkxMVzdLUzI5R0RXTDQ5VEpBSzlYWS4u&#038;route=shorturl\" \n        target=\"_blank\" \n        aria-label=\"Formularz rejestracyjny\" \n        title=\"Formularz rejestracyjny\" \n                class=\"button   button-tertiary fade-in button-blue\">\n                Formularz rejestracyjny        <\/a>\n                                        <\/div>\n            <\/div>\n        <\/div>\n                    \n<div class=\"triangle triangle--bottom-right default\">\n    <svg aria-hidden=\"true\" focusable=\"false\" width=\"1440\" height=\"98\" viewBox=\"0 0 1440 98\" fill=\"none\" xmlns=\"http:\/\/www.w3.org\/2000\/svg\">\n<path d=\"M1440 0L0 98H1440V0Z\" fill=\"white\"\/>\n<\/svg>\n<\/div>\n            <\/section>\n\n    <script>\n        document.addEventListener('DOMContentLoaded', function() {\n            var containerId = \"block-69f3d11904f9a9.40830680\";\n            var container = document.getElementById(containerId);\n\n            if (container) {\n                const button = container.querySelector('.block-content-with-gallery__read-more');\n                const truncated = container.querySelector('.block-content-with-gallery__text-truncated');\n                const full = container.querySelector('.block-content-with-gallery__text-full');\n\n                button.addEventListener('click', function() {\n                    if (truncated.style.display !== 'none') {\n                        truncated.style.display = 'none';\n                        full.style.display = 'block';\n                        button.textContent = button.getAttribute('data-read-less');\n                    } else {\n                        truncated.style.display = 'block';\n                        full.style.display = 'none';\n                        button.textContent = button.getAttribute('data-read-more');\n                    }\n                });\n            }\n        });\n    <\/script>\n    <section\n        class=\"block-content-with-gallery block-content-with-gallery--white block-content-with-gallery--right\"\n        id=\"warsztaty\">\n                <div class=\"container\">\n            <div class=\"block-content-with-gallery__wrapper\">\n                <div class=\"block-content-with-gallery__gallery js-delay fade-in\">\n                                                                        <figure class=\"block-content-with-gallery__item js-delay-item\">\n                                <img loading=\"lazy\" decoding=\"async\" width=\"2048\" height=\"1152\" src=\"https:\/\/humanitas.edu.pl\/wp-content\/uploads\/2025\/08\/DSC03334.jpg\" class=\"attachment-full-size size-full-size\" alt=\"\" aria-hidden=\"true\" srcset=\"https:\/\/humanitas.edu.pl\/wp-content\/uploads\/2025\/08\/DSC03334.jpg 2048w, https:\/\/humanitas.edu.pl\/wp-content\/uploads\/2025\/08\/DSC03334-300x169.jpg 300w, https:\/\/humanitas.edu.pl\/wp-content\/uploads\/2025\/08\/DSC03334-1024x576.jpg 1024w, https:\/\/humanitas.edu.pl\/wp-content\/uploads\/2025\/08\/DSC03334-768x432.jpg 768w, https:\/\/humanitas.edu.pl\/wp-content\/uploads\/2025\/08\/DSC03334-1536x864.jpg 1536w\" sizes=\"(max-width: 2048px) 100vw, 2048px\" \/>                            <\/figure>\n                                                            <\/div>\n                <div id=\"block-69f3d11908aba9.83136810\" class=\"block-content-with-gallery__content\">\n                    <h2\n                        class=\"block-content-with-gallery__title heading-underline heading-dot fade-in \">\n                        Warsztaty<\/h3>\n                        <div class=\"block-content-with-gallery__text fade-in\">\n\n                                                            <div class=\"block-content-with-gallery__text-truncated\">\n                                    <p>Wszystkie warsztaty przeznaczone s\u0105\u00a0<strong>wy\u0142\u0105cznie dla zarejestrowanych uczestnik\u00f3w VII Kongresu Praktyk\u00f3w Biznesu<\/strong>.<\/p>\n<p>Liczba miejsc na poszczeg\u00f3lnych warsztatch jest ograniczona &#8211; o przyj\u0119ciu decyduje kolejno\u015b\u0107 zg\u0142osze\u0144. Wszystkich Pa\u0144stwa, zainteresowanych udzia\u0142em w jednym z warsztat\u00f3w, prosimy o zaznaczenie odpowiedniej opcji w formularzu rejestracyjnym.<\/p>\n                                <\/div>\n\n                                <div class=\"block-content-with-gallery__text-full\" style=\"display: none;\">\n                                    <p>Wszystkie warsztaty przeznaczone s\u0105\u00a0<strong>wy\u0142\u0105cznie dla zarejestrowanych uczestnik\u00f3w VII Kongresu Praktyk\u00f3w Biznesu<\/strong>.<\/p>\n<p>Liczba miejsc na poszczeg\u00f3lnych warsztatch jest ograniczona \u2013 o przyj\u0119ciu decyduje kolejno\u015b\u0107 zg\u0142osze\u0144. Wszystkich Pa\u0144stwa, zainteresowanych udzia\u0142em w jednym z warsztat\u00f3w, prosimy o zaznaczenie odpowiedniej opcji w formularzu rejestracyjnym.<\/p>\n<p><strong>Warsztat 1 \u2013<\/strong><strong><em> Architektura Um\u00f3w<\/em>\u00a0Kamil Bechta<\/strong><\/p>\n<p>Ten 60-minutowy warsztat to praktyczne wprowadzenie do tematyki dokument\u00f3w prawnych, zaprojektowane z my\u015bl\u0105 o osobach, kt\u00f3re regularnie podpisuj\u0105, negocjuj\u0105 lub realizuj\u0105 umowy, ale nie zajmuj\u0105 si\u0119 nimi zawodowo. Podczas spotkania uczestnicy:<\/p>\n<ul>\n<li>poznaj\u0105 logiczn\u0105 struktur\u0119 typowej umowy oraz rol\u0119 poszczeg\u00f3lnych jej element\u00f3w,<\/li>\n<li>naucz\u0105 si\u0119 rozpoznawa\u0107 kluczowe postanowienia, takie jak terminy, odpowiedzialno\u015b\u0107, kary umowne czy zasady rozwi\u0105zania wsp\u00f3\u0142pracy,<\/li>\n<li>dowiedz\u0105 si\u0119, kt\u00f3re zapisy mog\u0105 rodzi\u0107 realne ryzyka prawne lub prowadzi\u0107 do niewa\u017cno\u015bci ca\u0142ej umowy,<\/li>\n<li>zyskaj\u0105 wi\u0119ksz\u0105 pewno\u015b\u0107 w analizowaniu i podpisywaniu dokument\u00f3w, kt\u00f3re maj\u0105 wp\u0142yw na dzia\u0142alno\u015b\u0107 ich firm.<\/li>\n<\/ul>\n<p><strong>Warsztat 2 \u2013 <\/strong><strong><em>Budowanie wizerunku z AI \u2013 warsztat praktyczny<\/em>\u00a0Anna Majkowska, dr in\u017c. Joanna Tokar, prof. AH<\/strong><\/p>\n<p>Podczas warsztatu poka\u017cemy, jak wykorzysta\u0107 dost\u0119pne narz\u0119dzia AI do budowania sp\u00f3jnej i nowoczesnej komunikacji \u2013 zar\u00f3wno w kontek\u015bcie marki osobistej, jak i zawodowej obecno\u015bci w sieci. Uczestnicy dowiedz\u0105 si\u0119, jak planowa\u0107 tre\u015bci, jakie pytania zadawa\u0107 narz\u0119dziom AI, by otrzyma\u0107 warto\u015bciowe odpowiedzi oraz jak zadba\u0107 o to, by technologia wspiera\u0142a, a nie zast\u0119powa\u0142a autentyczno\u015b\u0107. B\u0119dzie to okazja do pog\u0142\u0119bienia temat\u00f3w poruszanych na scenie i zdobycia konkretnych wskaz\u00f3wek do zastosowania we w\u0142asnej praktyce zawodowej.<\/p>\n<p><strong>Warsztat 3 \u2013 <\/strong><em><strong>Jak ogarn\u0105\u0107 chaos w \u015brodowisku wieloprojektowym? Dziesi\u0119\u0107 krok\u00f3w do spokojnego snu szefa <\/strong><\/em><strong>Marek Kowalczyk<\/strong><\/p>\n<p>Ten interaktywny warsztat to konkretna, praktyczna recepta na chaos projektowy, skierowana do w\u0142a\u015bcicieli firm, mened\u017cer\u00f3w i lider\u00f3w, kt\u00f3rzy maj\u0105 do\u015b\u0107 gaszenia po\u017car\u00f3w i chc\u0105 spa\u0107 spokojnie, wiedz\u0105c, \u017ce ich projekty naprawd\u0119 id\u0105 zgodnie z planem. W oparciu o studium przypadku firmy pana Dawida z Wroc\u0142awia, kt\u00f3ra wpad\u0142a w pu\u0142apk\u0119 realizacji nadmiernej liczby projekt\u00f3w, przeanalizujemy, jak chaos w projektach wp\u0142ywa\u0142 na wyniki biznesowe i jak krok po kroku uda\u0142o si\u0119 go uporz\u0105dkowa\u0107. W trakcie warsztatu uczestnicy:<\/p>\n<ul>\n<li>otrzymaj\u0105 narz\u0119dzie do samodzielnej diagnozy poziomu z\u0142awiel, czyli z\u0142ej wielozadaniowo\u015bci w swojej organizacji,<\/li>\n<li>odkryj\u0105 prawdziw\u0105 przyczyn\u0119 wi\u0119kszo\u015bci problem\u00f3w z projektami w \u015brodowiskach wieloprojektowych,<\/li>\n<li>dowiedz\u0105 si\u0119, jak w 10 krokach zredukowa\u0107 z\u0142awiel i wydoby\u0107 si\u0119 z chaosu projektowego,<\/li>\n<li>uzyskaj\u0105 konkretne narz\u0119dzia i plan poprawy zarz\u0105dzania w projektach, gotowe do natychmiastowego wdro\u017cenia.<\/li>\n<\/ul>\n<p><strong>Warsztat 4 \u2013 <\/strong><em><strong>Skuteczne wdro\u017cenie QRQC w organizacji z uwzgl\u0119dnieniem rozwi\u0105za\u0144 technicznych <\/strong><\/em><strong>Ryszard Budniok<\/strong><\/p>\n<p>Podczas warsztatu uczestnicy:<\/p>\n<ul>\n<li>odkryj\u0105 metodyk\u0119 QRQC (Quick Response Quality Control),<\/li>\n<li>naucz\u0105 si\u0119 skutecznego rozwi\u0105zywania problem\u00f3w na ka\u017cdym etapie produkcji,<\/li>\n<li>dowiedz\u0105 si\u0119, jak wdro\u017cy\u0107 skutecznie QRQC w organizacjach, kt\u00f3re s\u0105 w r\u00f3\u017cnych fazach reorganizacji, rewolucji,<\/li>\n<li>poznaj\u0105 rozwi\u0105zania techniczne wspieraj\u0105ce wdro\u017cenie i zaanga\u017cowanie w ten proces swoich pracownik\u00f3w,<\/li>\n<li>zdob\u0119d\u0105 umiej\u0119tno\u015bci szybkiej reakcji na niezgodno\u015bci i ich eliminacji,<\/li>\n<li>przyswoj\u0105 rozwi\u0105zania do oceny skuteczno\u015bci i efektywno\u015bci wdro\u017conych dzia\u0142a\u0144.<\/li>\n<\/ul>\n<p><strong>Warsztat 5 \u2013 <em>10 grzech\u00f3w przedsi\u0119biorc\u00f3w w marketingu, kt\u00f3re sabotuj\u0105 sukces<\/em> Mateusz Maik<\/strong><\/p>\n<p>Podczas szkolenia uczestnicy poznaj\u0105 najcz\u0119\u015bciej pope\u0142niane b\u0142\u0119dy marketingowe przez przedsi\u0119biorc\u00f3w, kt\u00f3re mog\u0105 wp\u0142ywa\u0107 na niew\u0142a\u015bciwy rozw\u00f3j ich dzia\u0142alno\u015bci. Zrozumienie i unikanie tych &#8220;grzech\u00f3w&#8221; pozwoli na zwi\u0119kszenie efektywno\u015bci strategii marketingowych oraz osi\u0105gni\u0119cie lepszych rezultat\u00f3w. Oto niekt\u00f3re zagadnienia, kt\u00f3re zostan\u0105 om\u00f3wione w trakcie szkolenia:<\/p>\n<ul>\n<li>istotno\u015b\u0107 strategii oraz odpowiedniego planu dzia\u0142ania,<\/li>\n<li>jak zdefiniowa\u0107 swojego docelowego klienta,<\/li>\n<li>problematyka zwi\u0105zana z komunikacj\u0105 marketingow\u0105.<\/li>\n<\/ul>\n<p>Szkolenie skierowane jest zar\u00f3wno do os\u00f3b rozpoczynaj\u0105cych dzia\u0142alno\u015b\u0107, jak i dla tych, kt\u00f3rzy chc\u0105 udoskonali\u0107 swoje umiej\u0119tno\u015bci marketingowe. Zapewniamy Pa\u0144stwu rzeteln\u0105 i fachow\u0105 wiedz\u0119, kt\u00f3r\u0105 b\u0119dzie mo\u017cna zastosowa\u0107 w praktyce biznesowej.<\/p>\n                                <\/div>\n\n                                <button class=\"block-content-with-gallery__read-more\"\n                                    data-read-more=\"\u0427\u0438\u0442\u0430\u0442\u0438 \u0431\u0456\u043b\u044c\u0448\u0435\"\n                                    data-read-less=\"\u041f\u043e\u043a\u0430\u0437\u0430\u0442\u0438 \u043c\u0435\u043d\u0448\u0435\">\n                                    \u0427\u0438\u0442\u0430\u0442\u0438 \u0431\u0456\u043b\u044c\u0448\u0435                                <\/button>\n                            \n                        <\/div>\n                                        <\/div>\n            <\/div>\n        <\/div>\n            <\/section>\n\n    <script>\n        document.addEventListener('DOMContentLoaded', function() {\n            var containerId = \"block-69f3d11908aba9.83136810\";\n            var container = document.getElementById(containerId);\n\n            if (container) {\n                const button = container.querySelector('.block-content-with-gallery__read-more');\n                const truncated = container.querySelector('.block-content-with-gallery__text-truncated');\n                const full = container.querySelector('.block-content-with-gallery__text-full');\n\n                button.addEventListener('click', function() {\n                    if (truncated.style.display !== 'none') {\n                        truncated.style.display = 'none';\n                        full.style.display = 'block';\n                        button.textContent = button.getAttribute('data-read-less');\n                    } else {\n                        truncated.style.display = 'block';\n                        full.style.display = 'none';\n                        button.textContent = button.getAttribute('data-read-more');\n                    }\n                });\n            }\n        });\n    <\/script>\n  <section class=\"block-content-with-people block-content-with-people--big-people\" id=\"prelegenci\">\n    <div class=\"container\">\n              <h2\n          class=\"block-content-with-people__title heading-underline heading-dot fade-in \">\n          Prelegenci<\/h2>\n                              <div class=\"block-content-with-people__wrapper\">\n                <div class=\"block-content-with-people__people-wrapper\">\n          <div class=\"block-content-with-people__people\">\n                                        <div class=\"person-card-wrapper \">\n                  <div class=\"person-card person-card--big \"\n     data-has-bio=\"true\"     data-language=\"uk\"\n    data-person-id=\"9314\">\n    <figure class=\"person-card__image\">\n                <img loading=\"lazy\" decoding=\"async\" width=\"256\" height=\"340\" src=\"https:\/\/humanitas.edu.pl\/wp-content\/uploads\/2025\/08\/2025uploreso_qual_100_Milosz-Omastka.jpg\" class=\"person-card__image-img\" alt=\"\" srcset=\"https:\/\/humanitas.edu.pl\/wp-content\/uploads\/2025\/08\/2025uploreso_qual_100_Milosz-Omastka.jpg 256w, https:\/\/humanitas.edu.pl\/wp-content\/uploads\/2025\/08\/2025uploreso_qual_100_Milosz-Omastka-226x300.jpg 226w\" sizes=\"(max-width: 256px) 100vw, 256px\" \/>            <\/figure>\n    <div class=\"person-card__content\">\n        <div class=\"person-card__position\">Wyk\u0142adowca<\/div>\n                <h3 class=\"person-card__name\">Mi\u0142osz Omastka<\/h3>\n            <\/div>\n\n        <!-- Modal -->\n    <div class=\"person-card__modal\">\n        <div class=\"person-card__modal-overlay\"><\/div>\n        <div class=\"person-card__modal-content\">\n            <div class=\"person-card__modal-header\">\n                <h2>Mi\u0142osz Omastka<\/h2>\n                <button class=\"person-card__modal-close\" aria-label=\"Close modal\">\n                    &times;\n                <\/button>\n            <\/div>\n            <div class=\"person-card__modal-body\">\n                <div class=\"person-card__modal-person\">\n                    <figure class=\"person-card__modal-image\">\n                                                <img loading=\"lazy\" decoding=\"async\" width=\"256\" height=\"340\" src=\"https:\/\/humanitas.edu.pl\/wp-content\/uploads\/2025\/08\/2025uploreso_qual_100_Milosz-Omastka.jpg\" class=\"attachment-full size-full\" alt=\"\" srcset=\"https:\/\/humanitas.edu.pl\/wp-content\/uploads\/2025\/08\/2025uploreso_qual_100_Milosz-Omastka.jpg 256w, https:\/\/humanitas.edu.pl\/wp-content\/uploads\/2025\/08\/2025uploreso_qual_100_Milosz-Omastka-226x300.jpg 226w\" sizes=\"(max-width: 256px) 100vw, 256px\" \/>                                            <\/figure>\n                    <div class=\"person-card__modal-info\">\n                        <div class=\"person-card__modal-position\">Wyk\u0142adowca<\/div>\n                                                <h3 class=\"person-card__modal-name\">Mi\u0142osz Omastka<\/h3>\n\n                        <div class=\"person-card__modal-contact\">\n                            \n                            \n                            \n                            \n                                                    <\/div>\n                    <\/div>\n                <\/div>\n\n                <div class=\"person-card__modal-bio\">\n                    <div class=\"desc\">\n<p class=\"x_MsoNormal\">Prezes \u015al\u0105skiego Klubu Biznesu.<br \/>\nOd blisko 30 lat przedsi\u0119biorca z kr\u00f3tkimi epizodami jako mened\u017cer zatrudniony w firmach i organizacjach na stanowiskach dyrektora, cz\u0142onka zarz\u0105d\u00f3w i przewodnicz\u0105cego rady nadzorczej.<br \/>\nPrelegent i moderator ponad 600 seminari\u00f3w, konferencji i kongres\u00f3w gospodarczych.<\/p>\n<p class=\"x_MsoNormal\"><span data-mce-mark=\"1\">Przez wiele lat wyk\u0142ada\u0142 na uczelniach wy\u017cszych zagadnienia zwi\u0105zane z zarz\u0105dzaniem, komunikacj\u0105 i coachingiem.<br \/>\n<\/span>Obecnie jako wyk\u0142adowca studi\u00f3w MBA dzieli si\u0119 ze s\u0142uchaczami wiedz\u0105 z zakresu autoprezentacji i wyst\u0105pie\u0144 publicznych \u0142\u0105cz\u0105cy w\u0142asn\u0105 pasj\u0119 do rozwoju osobistego z przekazywaniem jej innym.<br \/>\nTrener biznesu, coach, doradca i audytor gospodarczy (przeprowadzi\u0142 ponad 500 audyt\u00f3w w polskich przedsi\u0119biorstwach ).<\/p>\n<p class=\"x_MsoNormal\">Pasjonat podr\u00f3\u017cy ma\u0142ych i du\u017cych ch\u0119tnie przemierzaj\u0105cy zar\u00f3wno beskidzkie szlaki jak r\u00f3wnie\u017c muzea i miasta Europy, obu Ameryk, Azji i Afryki.<br \/>\nWraz z Brianem Tracy wsp\u00f3\u0142autor ksi\u0105\u017cki &#8220;PASJA&#8221;<\/p>\n<\/div>\n                <\/div>\n            <\/div>\n        <\/div>\n    <\/div>\n    <\/div>                <\/div>\n                            <div class=\"person-card-wrapper \">\n                  <div class=\"person-card person-card--big \"\n     data-has-bio=\"true\"     data-language=\"uk\"\n    data-person-id=\"8422\">\n    <figure class=\"person-card__image\">\n                <img loading=\"lazy\" decoding=\"async\" width=\"539\" height=\"500\" src=\"https:\/\/humanitas.edu.pl\/wp-content\/uploads\/2025\/08\/Joanna-Tokar.jpg\" class=\"person-card__image-img\" alt=\"Joanna Tokar\" srcset=\"https:\/\/humanitas.edu.pl\/wp-content\/uploads\/2025\/08\/Joanna-Tokar.jpg 539w, https:\/\/humanitas.edu.pl\/wp-content\/uploads\/2025\/08\/Joanna-Tokar-300x278.jpg 300w\" sizes=\"(max-width: 539px) 100vw, 539px\" \/>            <\/figure>\n    <div class=\"person-card__content\">\n        <div class=\"person-card__position\">Ambasadorka kierunku<\/div>\n                <h3 class=\"person-card__name\">dr in\u017c. Joanna Tokar, prof. AH<\/h3>\n            <\/div>\n\n        <!-- Modal -->\n    <div class=\"person-card__modal\">\n        <div class=\"person-card__modal-overlay\"><\/div>\n        <div class=\"person-card__modal-content\">\n            <div class=\"person-card__modal-header\">\n                <h2>dr in\u017c. Joanna Tokar, prof. AH<\/h2>\n                <button class=\"person-card__modal-close\" aria-label=\"Close modal\">\n                    &times;\n                <\/button>\n            <\/div>\n            <div class=\"person-card__modal-body\">\n                <div class=\"person-card__modal-person\">\n                    <figure class=\"person-card__modal-image\">\n                                                <img loading=\"lazy\" decoding=\"async\" width=\"539\" height=\"500\" src=\"https:\/\/humanitas.edu.pl\/wp-content\/uploads\/2025\/08\/Joanna-Tokar.jpg\" class=\"attachment-full size-full\" alt=\"Joanna Tokar\" srcset=\"https:\/\/humanitas.edu.pl\/wp-content\/uploads\/2025\/08\/Joanna-Tokar.jpg 539w, https:\/\/humanitas.edu.pl\/wp-content\/uploads\/2025\/08\/Joanna-Tokar-300x278.jpg 300w\" sizes=\"(max-width: 539px) 100vw, 539px\" \/>                                            <\/figure>\n                    <div class=\"person-card__modal-info\">\n                        <div class=\"person-card__modal-position\">Ambasadorka kierunku<\/div>\n                                                <h3 class=\"person-card__modal-name\">dr in\u017c. Joanna Tokar, prof. AH<\/h3>\n\n                        <div class=\"person-card__modal-contact\">\n                            \n                            \n                            \n                            \n                                                    <\/div>\n                    <\/div>\n                <\/div>\n\n                <div class=\"person-card__modal-bio\">\n                    <p><span data-contrast=\"none\">Za\u0142o\u017cycielka firmy doradczej HUMANTRA HR Business Partner, adiunkt w Instytucie Nauk o Zarz\u0105dzaniu i Jako\u015bci w Akademii Humanitas oraz dyrektor HR w agencji marketingowej Bringmore advertising.<\/span><span data-ccp-props=\"{&quot;134233117&quot;:true,&quot;134233118&quot;:true,&quot;201341983&quot;:0,&quot;335559740&quot;:240}\"><br \/>\n<\/span><span data-contrast=\"none\">A<\/span><span data-contrast=\"none\">bsolwentka Zarz\u0105dzania Zasobami Ludzkimi na Politechnice \u015al\u0105skiej, gdzie r\u00f3wnie\u017c obroni\u0142a prac\u0119 doktorsk\u0105 pt. &#8220;Proces samodoskonalenia mened\u017cer\u00f3w a przyw\u00f3dztwo organizacyjne w praktyce&#8221;. Jest dyplomowanym trenerem biznesu, uko\u0144czy\u0142a Akademi\u0119 Trener\u00f3w Biznesu w Wy\u017cszej Szkole Bankowej (obecnie Uniwersytet WSB Merito).<\/span><span data-ccp-props=\"{&quot;134233117&quot;:true,&quot;134233118&quot;:true,&quot;201341983&quot;:0,&quot;335559740&quot;:240}\">\u00a0<\/span><\/p>\n<p><span data-contrast=\"none\">Od ponad 20 lat wspiera organizacje w optymalizacji proces\u00f3w HR, z my\u015bl\u0105 o najnowszych trendach i innowacyjnych rozwi\u0105zaniach. Jej do\u015bwiadczenie obejmuje:<\/span><span data-ccp-props=\"{&quot;134233117&quot;:true,&quot;134233118&quot;:true,&quot;201341983&quot;:0,&quot;335559740&quot;:240}\">\u00a0<\/span><\/p>\n<ul>\n<li><span data-contrast=\"none\">Projektowanie, koordynacj\u0119 i realizacj\u0119 szkole\u0144 rozwojowych dla kadry zarz\u0105dzaj\u0105cej i dzia\u0142\u00f3w HR<\/span><span data-ccp-props=\"{&quot;134233117&quot;:true,&quot;134233118&quot;:true,&quot;201341983&quot;:0,&quot;335559740&quot;:240}\">\u00a0<\/span><\/li>\n<li><span data-contrast=\"none\">Rekrutacj\u0119 na stanowiska specjalistyczne i mened\u017cerskie, cz\u0119sto wykorzystuj\u0105c zaawansowane techniki Assessment Center, aby zapewni\u0107 najlepszy dob\u00f3r talent\u00f3w.<\/span><span data-ccp-props=\"{&quot;134233117&quot;:true,&quot;134233118&quot;:true,&quot;201341983&quot;:0,&quot;335559740&quot;:240}\">\u00a0<\/span><\/li>\n<li><span data-ccp-props=\"{&quot;134233117&quot;:true,&quot;134233118&quot;:true,&quot;201341983&quot;:0,&quot;335559740&quot;:240}\">Koordynacj\u0119 audyt\u00f3w personalnych z wykorzystaniem metody Development Center, umo\u017cliwiaj\u0105cych dok\u0142adn\u0105 analiz\u0119 i rozw\u00f3j potencja\u0142u pracownik\u00f3w.<\/span><\/li>\n<li><span data-contrast=\"none\">Badanie kultury organizacyjnej i zaanga\u017cowania pracownik\u00f3w, pomagaj\u0105c firmom tworzy\u0107 inspiruj\u0105ce \u015brodowiska pracy.<\/span><span data-ccp-props=\"{&quot;201341983&quot;:0,&quot;335559739&quot;:0,&quot;335559740&quot;:240}\">\u00a0<\/span><\/li>\n<li><span data-contrast=\"none\">Realizacj\u0119 projekt\u00f3w badawczych na rynku pracy, dostarczaj\u0105cych cennych danych i insight\u00f3w wspieraj\u0105cych strategiczne decyzje HR.<\/span><span data-ccp-props=\"{&quot;134233117&quot;:true,&quot;134233118&quot;:true,&quot;201341983&quot;:0,&quot;335559740&quot;:240}\">\u00a0<\/span><\/li>\n<\/ul>\n<p><span data-contrast=\"auto\">Jej wsp\u00f3\u0142praca z klientami z r\u00f3\u017cnych sektor\u00f3w gospodarki, zar\u00f3wno publicznego, jak i komercyjnego, sk\u0142oni\u0142a j\u0105 do intensywnych poszukiwa\u0144 i bada\u0144 nad nowoczesnymi narz\u0119dziami wspieraj\u0105cymi procesy pracy, zw\u0142aszcza z wykorzystaniem sztucznej inteligencji. Z pasj\u0105 \u015bledzi najnowsze trendy technologiczne, nieustannie doskonal\u0105c swoj\u0105 wiedz\u0119 i umiej\u0119tno\u015bci. Jest cenionym ekspertem, kt\u00f3ry swoj\u0105 g\u0142\u0119bok\u0105 wiedz\u0105 i do\u015bwiadczeniem inspiruje organizacje do wdra\u017cania innowacyjnych rozwi\u0105za\u0144, podnosz\u0105cych efektywno\u015b\u0107 operacyjn\u0105.<\/span><span data-ccp-props=\"{&quot;134233117&quot;:true,&quot;134233118&quot;:true,&quot;201341983&quot;:0,&quot;335559740&quot;:240}\">\u00a0<\/span><\/p>\n<p><span data-contrast=\"none\">Aktywnie popularyzuje tematyk\u0119 HR, przyw\u00f3dztwa i kultury organizacyjnej poprzez media spo\u0142eczno\u015bciowe, konferencje, publikacje oraz prowadzenie szkole\u0144 wewn\u0119trznych dla firm, warsztat\u00f3w i wyk\u0142ad\u00f3w dla student\u00f3w.<\/span><span data-ccp-props=\"{&quot;134233117&quot;:true,&quot;134233118&quot;:true,&quot;201341983&quot;:0,&quot;335559740&quot;:240}\"> \u00a0<\/span><span data-contrast=\"none\">Autorka 5 ksi\u0105\u017cek i ponad 80 artyku\u0142\u00f3w naukowych i bran\u017cowych. Opracowa\u0142a liczne scenariusze e-learningowe, badania fokusowe z zakresu innowacji marketingowych, programy edukacyjne oraz kilkana\u015bcie program\u00f3w sesji Assessment Center\/Development Center.<\/span><span data-ccp-props=\"{&quot;134233117&quot;:true,&quot;134233118&quot;:true,&quot;201341983&quot;:0,&quot;335559740&quot;:240}\">\u00a0<\/span><\/p>\n<p><span data-contrast=\"none\">Od 20 lat jest wyk\u0142adowc\u0105 akademickim. Prowadzi\u0142a zaj\u0119cia m.in. na Politechnice \u015al\u0105skiej i Uniwersytecie Ekonomicznym w Katowicach. Od ponad 16 lat wyk\u0142ada na Akademii Humanitas, gdzie prowadzi studia podyplomowe z Zarz\u0105dzania Zasobami Ludzkimi. W latach 2017-2023 pe\u0142ni\u0142a funkcj\u0119 egzaminatora tego kierunku.<\/span><span data-ccp-props=\"{&quot;134233117&quot;:true,&quot;134233118&quot;:true,&quot;201341983&quot;:0,&quot;335559740&quot;:240}\"><br \/>\n<\/span><span data-contrast=\"none\">Laureatka trzech nagr\u00f3d Rektora Politechniki \u015al\u0105skiej za dzia\u0142alno\u015b\u0107 naukow\u0105 i dydaktyczn\u0105 oraz jednej nagrody Rektora Akademii Humanitas i tytu\u0142u Wyk\u0142adowcy Roku 2020.<\/span><span data-ccp-props=\"{&quot;134233117&quot;:true,&quot;134233118&quot;:true,&quot;201341983&quot;:0,&quot;335559740&quot;:240}\">\u00a0<\/span><\/p>\n<p><span data-contrast=\"none\">Jako trener realizuje szkolenia z doskonalenia kompetencji osobistych i mened\u017cerskich: skutecznej komunikacji interpersonalnej, psychologii zarz\u0105dzania oraz zarz\u0105dzania zasobami ludzkimi z wykorzystaniem narz\u0119dzi AI. \u0141\u0105cznie zrealizowa\u0142a ponad 3000 godzin szkoleniowych.<\/span><span data-ccp-props=\"{&quot;134233117&quot;:true,&quot;134233118&quot;:true,&quot;201341983&quot;:0,&quot;335559740&quot;:240}\"><br \/>\n<\/span><span data-contrast=\"none\">Uczestniczy w interdyscyplinarnych badaniach nad zastosowaniem AI i potrzeb\u0105 rozwoju kompetencji cyfrowych. Jest cz\u0142onkiem krajowych i mi\u0119dzynarodowych zespo\u0142\u00f3w badawczych, ostatnio zaanga\u017cowana w projekt badawczy NAWA dotycz\u0105cy kultury organizacyjnej, przyw\u00f3dztwa i efektywnej pracy zdalnej.<\/span><\/p>\n<p><span data-ccp-props=\"{&quot;134233117&quot;:false,&quot;134233118&quot;:false,&quot;201341983&quot;:0,&quot;335559738&quot;:0,&quot;335559739&quot;:0,&quot;335559740&quot;:240}\">\u00a0<\/span><\/p>\n                <\/div>\n            <\/div>\n        <\/div>\n    <\/div>\n    <\/div>                <\/div>\n                      <\/div>\n\n                  <\/div>\n      <\/div>\n    <\/div>\n  <\/section>\n<section\n    class=\"block-content-with-buttons block-content-with-buttons--white block-content-with-buttons--left\"\n    id=\"patronat-honorowy\">\n        <div class=\"container\">\n        <div class=\"block-content-with-buttons__wrapper\">\n            <figure\n                class=\"block-content-with-buttons__image fade-in \">\n                            <\/figure>\n            <div class=\"block-content-with-buttons__content\">\n                <h2\n                    class=\"block-content-with-buttons__title heading-underline heading-dot fade-in \">\n                    Patronat Honorowy<\/h2>\n                <div class=\"block-content-with-buttons__text fade-in\">\n                    <p><a href=\"https:\/\/humanitas.edu.pl\/wp-content\/uploads\/2025\/08\/Honorowe-1.jpg\"><img loading=\"lazy\" decoding=\"async\" class=\"alignnone wp-image-9869 size-large\" src=\"https:\/\/humanitas.edu.pl\/wp-content\/uploads\/2025\/08\/Honorowe-1-1024x250.jpg\" alt=\"Logotypy patron\u00f3w honorowych\" width=\"1024\" height=\"250\" srcset=\"https:\/\/humanitas.edu.pl\/wp-content\/uploads\/2025\/08\/Honorowe-1-1024x250.jpg 1024w, https:\/\/humanitas.edu.pl\/wp-content\/uploads\/2025\/08\/Honorowe-1-300x73.jpg 300w, https:\/\/humanitas.edu.pl\/wp-content\/uploads\/2025\/08\/Honorowe-1-768x187.jpg 768w, https:\/\/humanitas.edu.pl\/wp-content\/uploads\/2025\/08\/Honorowe-1-1536x375.jpg 1536w, https:\/\/humanitas.edu.pl\/wp-content\/uploads\/2025\/08\/Honorowe-1.jpg 2000w\" sizes=\"(max-width: 1024px) 100vw, 1024px\" \/><\/a><\/p>\n                <\/div>\n                                <div\n                    class=\"block-content-with-buttons__buttons block-content-with-buttons__buttons--with-icons js-delay fade-in\">\n                                    <\/div>\n            <\/div>\n        <\/div>\n    <\/div>\n    <\/section><section\n    class=\"block-content-with-buttons block-content-with-buttons--white block-content-with-buttons--left\"\n    id=\"patronat\">\n        <div class=\"container\">\n        <div class=\"block-content-with-buttons__wrapper\">\n            <figure\n                class=\"block-content-with-buttons__image fade-in \">\n                            <\/figure>\n            <div class=\"block-content-with-buttons__content\">\n                <h2\n                    class=\"block-content-with-buttons__title heading-underline heading-dot fade-in \">\n                    Patronat<\/h2>\n                <div class=\"block-content-with-buttons__text fade-in\">\n                    <p><a href=\"https:\/\/humanitas.edu.pl\/wp-content\/uploads\/2025\/08\/PATRONATY.jpg\"><img loading=\"lazy\" decoding=\"async\" class=\"alignnone wp-image-9805 size-large\" src=\"https:\/\/humanitas.edu.pl\/wp-content\/uploads\/2025\/08\/PATRONATY-1024x183.jpg\" alt=\"Logotypy patron\u00f3w\" width=\"1024\" height=\"183\" srcset=\"https:\/\/humanitas.edu.pl\/wp-content\/uploads\/2025\/08\/PATRONATY-1024x183.jpg 1024w, https:\/\/humanitas.edu.pl\/wp-content\/uploads\/2025\/08\/PATRONATY-300x54.jpg 300w, https:\/\/humanitas.edu.pl\/wp-content\/uploads\/2025\/08\/PATRONATY-768x137.jpg 768w, https:\/\/humanitas.edu.pl\/wp-content\/uploads\/2025\/08\/PATRONATY-1536x274.jpg 1536w, https:\/\/humanitas.edu.pl\/wp-content\/uploads\/2025\/08\/PATRONATY.jpg 2000w\" sizes=\"(max-width: 1024px) 100vw, 1024px\" \/><\/a><\/p>\n                <\/div>\n                                <div\n                    class=\"block-content-with-buttons__buttons block-content-with-buttons__buttons--with-icons js-delay fade-in\">\n                                    <\/div>\n            <\/div>\n        <\/div>\n    <\/div>\n    <\/section><section\n    class=\"block-content-with-buttons block-content-with-buttons--white block-content-with-buttons--left\"\n    id=\"patronat-medialny\">\n        <div class=\"container\">\n        <div class=\"block-content-with-buttons__wrapper\">\n            <figure\n                class=\"block-content-with-buttons__image fade-in \">\n                            <\/figure>\n            <div class=\"block-content-with-buttons__content\">\n                <h2\n                    class=\"block-content-with-buttons__title heading-underline heading-dot fade-in \">\n                    Patronat medialny<\/h2>\n                <div class=\"block-content-with-buttons__text fade-in\">\n                    <p><a href=\"https:\/\/humanitas.edu.pl\/wp-content\/uploads\/2025\/08\/medialne.jpg\"><img loading=\"lazy\" decoding=\"async\" class=\"alignnone wp-image-9799 size-large\" src=\"https:\/\/humanitas.edu.pl\/wp-content\/uploads\/2025\/08\/medialne-1024x239.jpg\" alt=\"Logotypy patron\u00f3w medialnych\" width=\"1024\" height=\"239\" srcset=\"https:\/\/humanitas.edu.pl\/wp-content\/uploads\/2025\/08\/medialne-1024x239.jpg 1024w, https:\/\/humanitas.edu.pl\/wp-content\/uploads\/2025\/08\/medialne-300x70.jpg 300w, https:\/\/humanitas.edu.pl\/wp-content\/uploads\/2025\/08\/medialne-768x179.jpg 768w, https:\/\/humanitas.edu.pl\/wp-content\/uploads\/2025\/08\/medialne-1536x359.jpg 1536w, https:\/\/humanitas.edu.pl\/wp-content\/uploads\/2025\/08\/medialne.jpg 2000w\" sizes=\"(max-width: 1024px) 100vw, 1024px\" \/><\/a><\/p>\n                <\/div>\n                                <div\n                    class=\"block-content-with-buttons__buttons block-content-with-buttons__buttons--with-icons js-delay fade-in\">\n                                    <\/div>\n            <\/div>\n        <\/div>\n    <\/div>\n    <\/section><section\n    class=\"block-content-with-buttons block-content-with-buttons--white block-content-with-buttons--left\"\n    id=\"partnerzy\">\n        <div class=\"container\">\n        <div class=\"block-content-with-buttons__wrapper\">\n            <figure\n                class=\"block-content-with-buttons__image fade-in \">\n                            <\/figure>\n            <div class=\"block-content-with-buttons__content\">\n                <h2\n                    class=\"block-content-with-buttons__title heading-underline heading-dot fade-in \">\n                    Partnerzy<\/h2>\n                <div class=\"block-content-with-buttons__text fade-in\">\n                    <p><a href=\"https:\/\/humanitas.edu.pl\/wp-content\/uploads\/2025\/08\/Partnerzy.jpg\"><img loading=\"lazy\" decoding=\"async\" class=\"alignnone wp-image-9802 size-large\" src=\"https:\/\/humanitas.edu.pl\/wp-content\/uploads\/2025\/08\/Partnerzy-1024x165.jpg\" alt=\"Logotypy partner\u00f3w\" width=\"1024\" height=\"165\" srcset=\"https:\/\/humanitas.edu.pl\/wp-content\/uploads\/2025\/08\/Partnerzy-1024x165.jpg 1024w, https:\/\/humanitas.edu.pl\/wp-content\/uploads\/2025\/08\/Partnerzy-300x48.jpg 300w, https:\/\/humanitas.edu.pl\/wp-content\/uploads\/2025\/08\/Partnerzy-768x124.jpg 768w, https:\/\/humanitas.edu.pl\/wp-content\/uploads\/2025\/08\/Partnerzy-1536x248.jpg 1536w, https:\/\/humanitas.edu.pl\/wp-content\/uploads\/2025\/08\/Partnerzy.jpg 2000w\" sizes=\"(max-width: 1024px) 100vw, 1024px\" \/><\/a><\/p>\n                <\/div>\n                                <div\n                    class=\"block-content-with-buttons__buttons block-content-with-buttons__buttons--with-icons js-delay fade-in\">\n                                    <\/div>\n            <\/div>\n        <\/div>\n    <\/div>\n    <\/section>\n<section class=\"block-contact-form block-contact-form--with-image\" id=\"kontakt\">\n    <div class=\"container\">\n        <div class=\"block-contact-form__wrapper\">\n            <div class=\"block-contact-form__left\">\n                <h2 class=\"block-contact-form__title heading-underline \">\n                    Kontakt<\/h2>\n                <div class=\"block-contact-form__content\">\n                    <p><strong>Biuro VII Kongresu Praktyk\u00f3w Biznesu<br \/>\nAkademia Humanitas<br \/>\n<\/strong>ul. Kili\u0144skiego 43<br \/>\n41-200 Sosnowiec<br \/>\ntel.: 32 <strong>363 12 03<br \/>\n<\/strong>e-mail: <a href=\"mailto:kpb@humanitas.edu.pl\">kpb@humanitas.edu.pl<\/a><\/p>\n<p><strong>Katarzyna \u0141opaci\u0144ska<br \/>\n<\/strong>Koordynator ds. wsp\u00f3\u0142pracy z otoczeniem<br \/>\ne-mail: <a href=\"mailto:katarzyna.lopacinska@humanitas.edu.pl\">katarzyna.lopacinska@humanitas.edu.pl<\/a><br \/>\ntel.<strong> 505 575 142<\/strong><\/p>\n                <\/div>\n                            <\/div>\n            <div class=\"block-contact-form__right\">\n                                    <figure class=\"block-contact-form__image\">\n                                            <\/figure>\n                                            <\/div>\n        <\/div>\n    <\/div>","protected":false},"excerpt":{"rendered":"","protected":false},"author":6,"featured_media":0,"parent":9251,"menu_order":0,"comment_status":"closed","ping_status":"closed","template":"","meta":{"_acf_changed":false,"inline_featured_image":false,"footnotes":""},"class_list":["post-9905","page","type-page","status-publish","hentry"],"acf":[],"yoast_head":"<!-- This site is optimized with the Yoast SEO Premium plugin v27.3 (Yoast SEO v27.3) - https:\/\/yoast.com\/product\/yoast-seo-premium-wordpress\/ -->\n<title>\u041f\u0440\u0438\u0439\u043e\u043c\u043d\u0456 \u0433\u043e\u0434\u0438\u043d\u0438 \u0434\u0435\u043a\u0430\u043d\u0430\u0442\u0443 - Akademia Humanitas<\/title>\n<meta name=\"robots\" content=\"index, follow, max-snippet:-1, max-image-preview:large, max-video-preview:-1\" \/>\n<link rel=\"canonical\" href=\"https:\/\/humanitas.edu.pl\/uk\/kongres-praktykow-biznesu\/%d0%bf%d1%80%d0%b8%d0%b9%d0%be%d0%bc%d0%bd%d1%96-%d0%b3%d0%be%d0%b4%d0%b8%d0%bd%d0%b8-%d0%b4%d0%b5%d0%ba%d0%b0%d0%bd%d0%b0%d1%82%d1%83\/\" \/>\n<meta property=\"og:locale\" content=\"en_US\" \/>\n<meta property=\"og:type\" content=\"article\" \/>\n<meta property=\"og:title\" content=\"\u041f\u0440\u0438\u0439\u043e\u043c\u043d\u0456 \u0433\u043e\u0434\u0438\u043d\u0438 \u0434\u0435\u043a\u0430\u043d\u0430\u0442\u0443\" \/>\n<meta property=\"og:url\" content=\"https:\/\/humanitas.edu.pl\/uk\/kongres-praktykow-biznesu\/%d0%bf%d1%80%d0%b8%d0%b9%d0%be%d0%bc%d0%bd%d1%96-%d0%b3%d0%be%d0%b4%d0%b8%d0%bd%d0%b8-%d0%b4%d0%b5%d0%ba%d0%b0%d0%bd%d0%b0%d1%82%d1%83\/\" \/>\n<meta property=\"og:site_name\" content=\"Akademia Humanitas\" \/>\n<meta property=\"article:modified_time\" content=\"2025-08-21T12:01:34+00:00\" \/>\n<meta name=\"twitter:card\" content=\"summary_large_image\" \/>\n<script type=\"application\/ld+json\" class=\"yoast-schema-graph\">{\"@context\":\"https:\\\/\\\/schema.org\",\"@graph\":[{\"@type\":\"WebPage\",\"@id\":\"https:\\\/\\\/humanitas.edu.pl\\\/uk\\\/kongres-praktykow-biznesu\\\/%d0%bf%d1%80%d0%b8%d0%b9%d0%be%d0%bc%d0%bd%d1%96-%d0%b3%d0%be%d0%b4%d0%b8%d0%bd%d0%b8-%d0%b4%d0%b5%d0%ba%d0%b0%d0%bd%d0%b0%d1%82%d1%83\\\/\",\"url\":\"https:\\\/\\\/humanitas.edu.pl\\\/uk\\\/kongres-praktykow-biznesu\\\/%d0%bf%d1%80%d0%b8%d0%b9%d0%be%d0%bc%d0%bd%d1%96-%d0%b3%d0%be%d0%b4%d0%b8%d0%bd%d0%b8-%d0%b4%d0%b5%d0%ba%d0%b0%d0%bd%d0%b0%d1%82%d1%83\\\/\",\"name\":\"\u041f\u0440\u0438\u0439\u043e\u043c\u043d\u0456 \u0433\u043e\u0434\u0438\u043d\u0438 \u0434\u0435\u043a\u0430\u043d\u0430\u0442\u0443 - Akademia Humanitas\",\"isPartOf\":{\"@id\":\"https:\\\/\\\/humanitas.edu.pl\\\/uk\\\/#website\"},\"datePublished\":\"2025-08-21T12:00:24+00:00\",\"dateModified\":\"2025-08-21T12:01:34+00:00\",\"breadcrumb\":{\"@id\":\"https:\\\/\\\/humanitas.edu.pl\\\/uk\\\/kongres-praktykow-biznesu\\\/%d0%bf%d1%80%d0%b8%d0%b9%d0%be%d0%bc%d0%bd%d1%96-%d0%b3%d0%be%d0%b4%d0%b8%d0%bd%d0%b8-%d0%b4%d0%b5%d0%ba%d0%b0%d0%bd%d0%b0%d1%82%d1%83\\\/#breadcrumb\"},\"inLanguage\":\"ua\",\"potentialAction\":[{\"@type\":\"ReadAction\",\"target\":[\"https:\\\/\\\/humanitas.edu.pl\\\/uk\\\/kongres-praktykow-biznesu\\\/%d0%bf%d1%80%d0%b8%d0%b9%d0%be%d0%bc%d0%bd%d1%96-%d0%b3%d0%be%d0%b4%d0%b8%d0%bd%d0%b8-%d0%b4%d0%b5%d0%ba%d0%b0%d0%bd%d0%b0%d1%82%d1%83\\\/\"]}]},{\"@type\":\"BreadcrumbList\",\"@id\":\"https:\\\/\\\/humanitas.edu.pl\\\/uk\\\/kongres-praktykow-biznesu\\\/%d0%bf%d1%80%d0%b8%d0%b9%d0%be%d0%bc%d0%bd%d1%96-%d0%b3%d0%be%d0%b4%d0%b8%d0%bd%d0%b8-%d0%b4%d0%b5%d0%ba%d0%b0%d0%bd%d0%b0%d1%82%d1%83\\\/#breadcrumb\",\"itemListElement\":[{\"@type\":\"ListItem\",\"position\":1,\"name\":\"Home\",\"item\":\"https:\\\/\\\/humanitas.edu.pl\\\/uk\\\/strona-glowna\\\/\"},{\"@type\":\"ListItem\",\"position\":2,\"name\":\"\u041a\u043e\u043d\u0433\u0440\u0435\u0441 \u0431\u0456\u0437\u043d\u0435\u0441-\u043f\u0440\u0430\u043a\u0442\u0438\u043a\u0456\u0432\",\"item\":\"https:\\\/\\\/humanitas.edu.pl\\\/uk\\\/kongres-praktykow-biznesu\\\/\"},{\"@type\":\"ListItem\",\"position\":3,\"name\":\"\u041f\u0440\u0438\u0439\u043e\u043c\u043d\u0456 \u0433\u043e\u0434\u0438\u043d\u0438 \u0434\u0435\u043a\u0430\u043d\u0430\u0442\u0443\"}]},{\"@type\":\"WebSite\",\"@id\":\"https:\\\/\\\/humanitas.edu.pl\\\/uk\\\/#website\",\"url\":\"https:\\\/\\\/humanitas.edu.pl\\\/uk\\\/\",\"name\":\"Akademia Humanitas\",\"description\":\"\",\"potentialAction\":[{\"@type\":\"SearchAction\",\"target\":{\"@type\":\"EntryPoint\",\"urlTemplate\":\"https:\\\/\\\/humanitas.edu.pl\\\/uk\\\/?s={search_term_string}\"},\"query-input\":{\"@type\":\"PropertyValueSpecification\",\"valueRequired\":true,\"valueName\":\"search_term_string\"}}],\"inLanguage\":\"ua\"}]}<\/script>\n<!-- \/ Yoast SEO Premium plugin. -->","yoast_head_json":{"title":"\u041f\u0440\u0438\u0439\u043e\u043c\u043d\u0456 \u0433\u043e\u0434\u0438\u043d\u0438 \u0434\u0435\u043a\u0430\u043d\u0430\u0442\u0443 - Akademia Humanitas","robots":{"index":"index","follow":"follow","max-snippet":"max-snippet:-1","max-image-preview":"max-image-preview:large","max-video-preview":"max-video-preview:-1"},"canonical":"https:\/\/humanitas.edu.pl\/uk\/kongres-praktykow-biznesu\/%d0%bf%d1%80%d0%b8%d0%b9%d0%be%d0%bc%d0%bd%d1%96-%d0%b3%d0%be%d0%b4%d0%b8%d0%bd%d0%b8-%d0%b4%d0%b5%d0%ba%d0%b0%d0%bd%d0%b0%d1%82%d1%83\/","og_locale":"en_US","og_type":"article","og_title":"\u041f\u0440\u0438\u0439\u043e\u043c\u043d\u0456 \u0433\u043e\u0434\u0438\u043d\u0438 \u0434\u0435\u043a\u0430\u043d\u0430\u0442\u0443","og_url":"https:\/\/humanitas.edu.pl\/uk\/kongres-praktykow-biznesu\/%d0%bf%d1%80%d0%b8%d0%b9%d0%be%d0%bc%d0%bd%d1%96-%d0%b3%d0%be%d0%b4%d0%b8%d0%bd%d0%b8-%d0%b4%d0%b5%d0%ba%d0%b0%d0%bd%d0%b0%d1%82%d1%83\/","og_site_name":"Akademia Humanitas","article_modified_time":"2025-08-21T12:01:34+00:00","twitter_card":"summary_large_image","schema":{"@context":"https:\/\/schema.org","@graph":[{"@type":"WebPage","@id":"https:\/\/humanitas.edu.pl\/uk\/kongres-praktykow-biznesu\/%d0%bf%d1%80%d0%b8%d0%b9%d0%be%d0%bc%d0%bd%d1%96-%d0%b3%d0%be%d0%b4%d0%b8%d0%bd%d0%b8-%d0%b4%d0%b5%d0%ba%d0%b0%d0%bd%d0%b0%d1%82%d1%83\/","url":"https:\/\/humanitas.edu.pl\/uk\/kongres-praktykow-biznesu\/%d0%bf%d1%80%d0%b8%d0%b9%d0%be%d0%bc%d0%bd%d1%96-%d0%b3%d0%be%d0%b4%d0%b8%d0%bd%d0%b8-%d0%b4%d0%b5%d0%ba%d0%b0%d0%bd%d0%b0%d1%82%d1%83\/","name":"\u041f\u0440\u0438\u0439\u043e\u043c\u043d\u0456 \u0433\u043e\u0434\u0438\u043d\u0438 \u0434\u0435\u043a\u0430\u043d\u0430\u0442\u0443 - Akademia Humanitas","isPartOf":{"@id":"https:\/\/humanitas.edu.pl\/uk\/#website"},"datePublished":"2025-08-21T12:00:24+00:00","dateModified":"2025-08-21T12:01:34+00:00","breadcrumb":{"@id":"https:\/\/humanitas.edu.pl\/uk\/kongres-praktykow-biznesu\/%d0%bf%d1%80%d0%b8%d0%b9%d0%be%d0%bc%d0%bd%d1%96-%d0%b3%d0%be%d0%b4%d0%b8%d0%bd%d0%b8-%d0%b4%d0%b5%d0%ba%d0%b0%d0%bd%d0%b0%d1%82%d1%83\/#breadcrumb"},"inLanguage":"ua","potentialAction":[{"@type":"ReadAction","target":["https:\/\/humanitas.edu.pl\/uk\/kongres-praktykow-biznesu\/%d0%bf%d1%80%d0%b8%d0%b9%d0%be%d0%bc%d0%bd%d1%96-%d0%b3%d0%be%d0%b4%d0%b8%d0%bd%d0%b8-%d0%b4%d0%b5%d0%ba%d0%b0%d0%bd%d0%b0%d1%82%d1%83\/"]}]},{"@type":"BreadcrumbList","@id":"https:\/\/humanitas.edu.pl\/uk\/kongres-praktykow-biznesu\/%d0%bf%d1%80%d0%b8%d0%b9%d0%be%d0%bc%d0%bd%d1%96-%d0%b3%d0%be%d0%b4%d0%b8%d0%bd%d0%b8-%d0%b4%d0%b5%d0%ba%d0%b0%d0%bd%d0%b0%d1%82%d1%83\/#breadcrumb","itemListElement":[{"@type":"ListItem","position":1,"name":"Home","item":"https:\/\/humanitas.edu.pl\/uk\/strona-glowna\/"},{"@type":"ListItem","position":2,"name":"\u041a\u043e\u043d\u0433\u0440\u0435\u0441 \u0431\u0456\u0437\u043d\u0435\u0441-\u043f\u0440\u0430\u043a\u0442\u0438\u043a\u0456\u0432","item":"https:\/\/humanitas.edu.pl\/uk\/kongres-praktykow-biznesu\/"},{"@type":"ListItem","position":3,"name":"\u041f\u0440\u0438\u0439\u043e\u043c\u043d\u0456 \u0433\u043e\u0434\u0438\u043d\u0438 \u0434\u0435\u043a\u0430\u043d\u0430\u0442\u0443"}]},{"@type":"WebSite","@id":"https:\/\/humanitas.edu.pl\/uk\/#website","url":"https:\/\/humanitas.edu.pl\/uk\/","name":"Akademia Humanitas","description":"","potentialAction":[{"@type":"SearchAction","target":{"@type":"EntryPoint","urlTemplate":"https:\/\/humanitas.edu.pl\/uk\/?s={search_term_string}"},"query-input":{"@type":"PropertyValueSpecification","valueRequired":true,"valueName":"search_term_string"}}],"inLanguage":"ua"}]}},"_links":{"self":[{"href":"https:\/\/humanitas.edu.pl\/uk\/wp-json\/wp\/v2\/pages\/9905","targetHints":{"allow":["GET"]}}],"collection":[{"href":"https:\/\/humanitas.edu.pl\/uk\/wp-json\/wp\/v2\/pages"}],"about":[{"href":"https:\/\/humanitas.edu.pl\/uk\/wp-json\/wp\/v2\/types\/page"}],"author":[{"embeddable":true,"href":"https:\/\/humanitas.edu.pl\/uk\/wp-json\/wp\/v2\/users\/6"}],"replies":[{"embeddable":true,"href":"https:\/\/humanitas.edu.pl\/uk\/wp-json\/wp\/v2\/comments?post=9905"}],"version-history":[{"count":1,"href":"https:\/\/humanitas.edu.pl\/uk\/wp-json\/wp\/v2\/pages\/9905\/revisions"}],"predecessor-version":[{"id":9906,"href":"https:\/\/humanitas.edu.pl\/uk\/wp-json\/wp\/v2\/pages\/9905\/revisions\/9906"}],"up":[{"embeddable":true,"href":"https:\/\/humanitas.edu.pl\/uk\/wp-json\/wp\/v2\/pages\/9251"}],"wp:attachment":[{"href":"https:\/\/humanitas.edu.pl\/uk\/wp-json\/wp\/v2\/media?parent=9905"}],"curies":[{"name":"wp","href":"https:\/\/api.w.org\/{rel}","templated":true}]}}