{"id":23941,"date":"2026-04-24T15:57:22","date_gmt":"2026-04-24T13:57:22","guid":{"rendered":"https:\/\/humanitas.edu.pl\/projekty\/\/"},"modified":"2026-04-24T15:57:24","modified_gmt":"2026-04-24T13:57:24","slug":"doskonalosc-dydaktyczna-akademii-humanitas","status":"publish","type":"projects","link":"https:\/\/humanitas.edu.pl\/en\/projekty\/doskonalosc-dydaktyczna-akademii-humanitas\/","title":{"rendered":"Doskona\u0142o\u015b\u0107 Dydaktyczna Akademii Humanitas"},"content":{"rendered":"\n<figure class=\"wp-block-image size-large\"><a href=\"https:\/\/humanitas.edu.pl\/wp-content\/uploads\/2026\/03\/FERS_RP_UE_RGB-1-scaled.jpg\"><img loading=\"lazy\" decoding=\"async\" width=\"1024\" height=\"141\" src=\"https:\/\/humanitas.edu.pl\/wp-content\/uploads\/2026\/03\/FERS_RP_UE_RGB-1-1024x141.jpg\" alt=\"\" class=\"wp-image-22666\" srcset=\"https:\/\/humanitas.edu.pl\/wp-content\/uploads\/2026\/03\/FERS_RP_UE_RGB-1-1024x141.jpg 1024w, https:\/\/humanitas.edu.pl\/wp-content\/uploads\/2026\/03\/FERS_RP_UE_RGB-1-300x41.jpg 300w, https:\/\/humanitas.edu.pl\/wp-content\/uploads\/2026\/03\/FERS_RP_UE_RGB-1-768x106.jpg 768w, https:\/\/humanitas.edu.pl\/wp-content\/uploads\/2026\/03\/FERS_RP_UE_RGB-1-1536x212.jpg 1536w, https:\/\/humanitas.edu.pl\/wp-content\/uploads\/2026\/03\/FERS_RP_UE_RGB-1-2048x282.jpg 2048w\" sizes=\"(max-width: 1024px) 100vw, 1024px\" \/><\/a><\/figure>\n\n\n\n<h2 class=\"wp-block-heading\" id=\"h-opis-projektu\">Opis projektu<\/h2>\n\n\n\n<p>Akademia Humanitas realizuje projekt \u201eDoskona\u0142o\u015b\u0107 Dydaktyczna Akademii Humanitas\u201d nr FERS.01.05-IP.08-0251\/25 dofinansowany ze \u015brodk\u00f3w Europejskiego Funduszu Spo\u0142ecznego Plus w ramach Fundusze Europejskie dla Rozwoju Spo\u0142ecznego 2021-2027 (FERS)<\/p>\n\n\n\n<p>Priorytet 1 Umiej\u0119tno\u015bci<br>Dzia\u0142anie 01.05 Umiej\u0119tno\u015bci w szkolnictwie wy\u017cszym<\/p>\n\n\n\n<p>Okres realizacji projektu: <strong>01.04.2026 \u2013 31.03.2029<\/strong><br>Warto\u015b\u0107 projektu:<strong>, w tym ze \u015brodk\u00f3w UE: 1\u00a0917\u00a0583,86\u00a0PLN<\/strong><\/p>\n\n\n\n<p>Beneficjent projektu:<br>Akademia Humanitas<br>ul. Kili\u0144skiego 43<br>41-200 Sosnowiec<\/p>\n\n\n\n<p>Kontakt do biura projektu: tel. 32 363 12 14<br><br>#FunduszeUE &nbsp;#FunduszeEuropejskie<\/p>\n\n\n\n<h3 class=\"wp-block-heading\" id=\"h-cele-i-planowane-efekty\">Cele i planowane efekty<\/h3>\n\n\n\n<p>Celem projektu jest podniesienie kompetencji i\/lub kwalifikacji kadry prowadz\u0105cej dydaktyk\u0119 w Akademii Humanitas poprzez utworzenie kom\u00f3rki (Centrum Doskona\u0142o\u015bci Dydaktycznej) odpowiedzialnej za podnoszenie jako\u015bci procesu dydaktycznego w Akademii Humanitas oraz poprzez realizacj\u0119:<\/p>\n\n\n\n<p>&#8211; dla 120 os\u00f3b (w tym 71 kobiet) szkole\u0144 z zakresu rozwijania kompetencji cyfrowych, kompetencji dydaktycznych (w tym wykorzystania nowoczesnych metod dydaktycznych i metodyki kszta\u0142cenia, prowadzenia dydaktyki w j\u0119zyku obcym, pracy z osobami ze zr\u00f3\u017cnicowanymi potrzebami edukacyjnymi), kompetencji na rzecz zielonej transformacji, kompetencji w zakresie projektowania uniwersalnego (w tym w szczeg\u00f3lno\u015bci projektowania uniwersalnego zaj\u0119\u0107 dydaktycznych) oraz innych kompetencji merytorycznych, zako\u0144czonych zwi\u0119kszeniem kompetencji u min. 80% uczestnik\u00f3w szkole\u0144, tj. 96 os. (w tym 57 kobiet)<\/p>\n\n\n\n<p>&#8211; krajowych i zagranicznych wizyt studyjnych oraz sta\u017cy, zwi\u0119kszaj\u0105cych kompetencje (w tym merytoryczne i dydaktyczne) kadry dydaktycznej Akademii Humanitas u min. 80% uczestnik\u00f3w wizyt studyjnych i sta\u017cy.<\/p>\n\n\n\n<p>Cel zostanie zrealizowany do 31.03.2029 poprzez realizacj\u0119 nast\u0119puj\u0105cych zada\u0144:<\/p>\n\n\n\n<p>1. Utworzenie Centrum Doskona\u0142o\u015bci Dydaktycznej w Akademii Humanitas<br>2. Realizacja szkole\u0144 (w tym konsultacji merytorycznych)<br>3. Realizacja wizyt studyjnych i sta\u017cy<\/p>\n\n\n\n<h3 class=\"wp-block-heading\" id=\"h-grupa-docelowa-i-formy-wsparcia\">Grupa docelowa i formy wsparcia<\/h3>\n\n\n\n<p>Kadra dydaktyczna Akademii Humanitas,<\/p>\n\n\n\n<h2 class=\"wp-block-heading\" id=\"h-obowiazek-informacyjny\">Obowi\u0105zek informacyjny<\/h2>\n\n\n\n<ul class=\"wp-block-list\">\n<li><a href=\"https:\/\/humanitas.edu.pl\/wp-content\/uploads\/2026\/04\/Klauzula-informacyjna-Akademia-Humanitas-DDAH.pdf\">Klauzula Informacyjna Akademia Humanitas<\/a><\/li>\n\n\n\n<li><a href=\"https:\/\/humanitas.edu.pl\/wp-content\/uploads\/2026\/04\/Klauzula-informacyjna-Instytucja-Posredniczaca-DDAH.pdf\">Klauzula Informacyjna Instytucja Po\u015brednicz\u0105ca<\/a><\/li>\n\n\n\n<li><a href=\"https:\/\/humanitas.edu.pl\/wp-content\/uploads\/2026\/04\/Klauzula-informacyjna-Instytucja-Zarzadzajaca-DDAH.pdf\">Klauzula Informacyjna Instytucja Zarz\u0105dzaj\u0105ca<\/a><\/li>\n<\/ul>\n\n\n\n<p>Istnieje mo\u017cliwo\u015bci zg\u0142aszania do Instytucji Zarz\u0105dzaj\u0105cej lub Instytucji Po\u015brednicz\u0105cej podejrzenia o niezgodno\u015bci Projektu lub dzia\u0142a\u0144 Beneficjenta z Konwencj\u0105 o prawach os\u00f3b niepe\u0142nosprawnych sporz\u0105dzon\u0105 w Nowym Jorku dnia 13 grudnia 2006 r. (Dz. U. z 2012 r. poz. 1169, z p\u00f3\u017an. zm.), zwanej dalej \u201eKPON\u201d. Sygna\u0142y, zg\u0142oszenia lub skargi dotycz\u0105ce wyst\u0105pienia niezgodno\u015bci projekt\u00f3w FERS z postanowieniami KPON mog\u0105 przekazywa\u0107 osoby fizyczne (uczestnicy projektu lub ich pe\u0142nomocnicy i przedstawiciele), instytucje uczestnicz\u0105ce we wdra\u017caniu funduszy Unii Europejskiej, strona spo\u0142eczna (stowarzyszenia, fundacje), za pomoc\u0105 (w ka\u017cdym poni\u017cszym przypadku uznaje si\u0119 zg\u0142oszenie za przekazane w formie pisemnej):<br>1) poczty tradycyjnej &#8211; w formie listownej na adres ministerstwa: Ministerstwo Funduszy i Polityki Regionalnej, ul. Wsp\u00f3lna 2\/4, 00-926 Warszawa lub adres Instytucji Po\u015brednicz\u0105cej: Narodowe Centrum Bada\u0144 i Rozwoju, Ul. Chmielna 69, 00-801 Warszawa,<br>2) skrzynki nadawczej e-puap Ministerstwa Funduszy i Polityki Regionalnej lub Narodowego Centrum Bada\u0144 i Rozwoju.<\/p>\n\n\n\n<h2 class=\"wp-block-heading\" id=\"h-rekrutacja-do-projektu\">Rekrutacja do projektu<\/h2>\n\n\n\n<h2 class=\"wp-block-heading\" id=\"h-harmonogram-wsparcia\">Harmonogram wsparcia<\/h2>\n\n\n\n<h2 class=\"wp-block-heading\" id=\"h-dokumenty-do-pobrania\">Dokumenty do pobrania<\/h2>\n\n\n\n<p><\/p>\n\n\n\n<p><\/p>\n","protected":false},"featured_media":23942,"template":"","project-categories":[213],"project-tags":[261],"class_list":["post-23941","projects","type-projects","status-publish","has-post-thumbnail","hentry"],"acf":[],"yoast_head":"<!-- This site is optimized with the Yoast SEO Premium plugin v27.3 (Yoast SEO v27.3) - https:\/\/yoast.com\/product\/yoast-seo-premium-wordpress\/ -->\n<title>Doskona\u0142o\u015b\u0107 Dydaktyczna Akademii Humanitas - Akademia Humanitas<\/title>\n<meta name=\"description\" content=\"Akademia Humanitas realizuje projekt pt. \u201eDoskona\u0142o\u015b\u0107 dydaktyczna Akademii Humanitas\u201d, kt\u00f3rego celem jest podniesienie kompetencji i\/lub kwalifikacji kadry prowadz\u0105cej dydaktyk\u0119 w Akademii Humanitas.\" \/>\n<meta name=\"robots\" content=\"index, follow, max-snippet:-1, max-image-preview:large, max-video-preview:-1\" \/>\n<link rel=\"canonical\" href=\"https:\/\/humanitas.edu.pl\/en\/projekty\/doskonalosc-dydaktyczna-akademii-humanitas\/\" \/>\n<meta property=\"og:locale\" content=\"en_US\" \/>\n<meta property=\"og:type\" content=\"article\" \/>\n<meta property=\"og:title\" content=\"Doskona\u0142o\u015b\u0107 Dydaktyczna Akademii Humanitas\" \/>\n<meta property=\"og:description\" content=\"Akademia Humanitas realizuje projekt pt. \u201eDoskona\u0142o\u015b\u0107 dydaktyczna Akademii Humanitas\u201d, kt\u00f3rego celem jest podniesienie kompetencji i\/lub kwalifikacji kadry prowadz\u0105cej dydaktyk\u0119 w Akademii Humanitas.\" \/>\n<meta property=\"og:url\" content=\"https:\/\/humanitas.edu.pl\/en\/projekty\/doskonalosc-dydaktyczna-akademii-humanitas\/\" \/>\n<meta property=\"og:site_name\" content=\"Akademia Humanitas\" \/>\n<meta property=\"article:modified_time\" content=\"2026-04-24T13:57:24+00:00\" \/>\n<meta property=\"og:image\" content=\"https:\/\/humanitas.edu.pl\/wp-content\/uploads\/2026\/04\/Na-www-projektow.jpg\" \/>\n\t<meta property=\"og:image:width\" content=\"1004\" \/>\n\t<meta property=\"og:image:height\" content=\"525\" \/>\n\t<meta property=\"og:image:type\" content=\"image\/jpeg\" \/>\n<meta name=\"twitter:card\" content=\"summary_large_image\" \/>\n<meta name=\"twitter:label1\" content=\"Est. reading time\" \/>\n\t<meta name=\"twitter:data1\" content=\"3 minutes\" \/>\n<script type=\"application\/ld+json\" class=\"yoast-schema-graph\">{\"@context\":\"https:\\\/\\\/schema.org\",\"@graph\":[{\"@type\":\"WebPage\",\"@id\":\"https:\\\/\\\/humanitas.edu.pl\\\/en\\\/projekty\\\/doskonalosc-dydaktyczna-akademii-humanitas\\\/\",\"url\":\"https:\\\/\\\/humanitas.edu.pl\\\/en\\\/projekty\\\/doskonalosc-dydaktyczna-akademii-humanitas\\\/\",\"name\":\"Doskona\u0142o\u015b\u0107 Dydaktyczna Akademii Humanitas - Akademia Humanitas\",\"isPartOf\":{\"@id\":\"https:\\\/\\\/humanitas.edu.pl\\\/en\\\/#website\"},\"primaryImageOfPage\":{\"@id\":\"https:\\\/\\\/humanitas.edu.pl\\\/en\\\/projekty\\\/doskonalosc-dydaktyczna-akademii-humanitas\\\/#primaryimage\"},\"image\":{\"@id\":\"https:\\\/\\\/humanitas.edu.pl\\\/en\\\/projekty\\\/doskonalosc-dydaktyczna-akademii-humanitas\\\/#primaryimage\"},\"thumbnailUrl\":\"https:\\\/\\\/humanitas.edu.pl\\\/wp-content\\\/uploads\\\/2026\\\/04\\\/Na-www-projektow.jpg\",\"datePublished\":\"2026-04-24T13:57:22+00:00\",\"dateModified\":\"2026-04-24T13:57:24+00:00\",\"description\":\"Akademia Humanitas realizuje projekt pt. \u201eDoskona\u0142o\u015b\u0107 dydaktyczna Akademii Humanitas\u201d, kt\u00f3rego celem jest podniesienie kompetencji i\\\/lub kwalifikacji kadry prowadz\u0105cej dydaktyk\u0119 w Akademii Humanitas.\",\"breadcrumb\":{\"@id\":\"https:\\\/\\\/humanitas.edu.pl\\\/en\\\/projekty\\\/doskonalosc-dydaktyczna-akademii-humanitas\\\/#breadcrumb\"},\"inLanguage\":\"en-US\",\"potentialAction\":[{\"@type\":\"ReadAction\",\"target\":[\"https:\\\/\\\/humanitas.edu.pl\\\/en\\\/projekty\\\/doskonalosc-dydaktyczna-akademii-humanitas\\\/\"]}]},{\"@type\":\"ImageObject\",\"inLanguage\":\"en-US\",\"@id\":\"https:\\\/\\\/humanitas.edu.pl\\\/en\\\/projekty\\\/doskonalosc-dydaktyczna-akademii-humanitas\\\/#primaryimage\",\"url\":\"https:\\\/\\\/humanitas.edu.pl\\\/wp-content\\\/uploads\\\/2026\\\/04\\\/Na-www-projektow.jpg\",\"contentUrl\":\"https:\\\/\\\/humanitas.edu.pl\\\/wp-content\\\/uploads\\\/2026\\\/04\\\/Na-www-projektow.jpg\",\"width\":1004,\"height\":525},{\"@type\":\"BreadcrumbList\",\"@id\":\"https:\\\/\\\/humanitas.edu.pl\\\/en\\\/projekty\\\/doskonalosc-dydaktyczna-akademii-humanitas\\\/#breadcrumb\",\"itemListElement\":[{\"@type\":\"ListItem\",\"position\":1,\"name\":\"Home\",\"item\":\"https:\\\/\\\/humanitas.edu.pl\\\/en\\\/\"},{\"@type\":\"ListItem\",\"position\":2,\"name\":\"Projects\",\"item\":\"https:\\\/\\\/humanitas.edu.pl\\\/en\\\/projekty\\\/\"},{\"@type\":\"ListItem\",\"position\":3,\"name\":\"Doskona\u0142o\u015b\u0107 Dydaktyczna Akademii Humanitas\"}]},{\"@type\":\"WebSite\",\"@id\":\"https:\\\/\\\/humanitas.edu.pl\\\/en\\\/#website\",\"url\":\"https:\\\/\\\/humanitas.edu.pl\\\/en\\\/\",\"name\":\"Akademia Humanitas\",\"description\":\"\",\"potentialAction\":[{\"@type\":\"SearchAction\",\"target\":{\"@type\":\"EntryPoint\",\"urlTemplate\":\"https:\\\/\\\/humanitas.edu.pl\\\/en\\\/?s={search_term_string}\"},\"query-input\":{\"@type\":\"PropertyValueSpecification\",\"valueRequired\":true,\"valueName\":\"search_term_string\"}}],\"inLanguage\":\"en-US\"}]}<\/script>\n<!-- \/ Yoast SEO Premium plugin. -->","yoast_head_json":{"title":"Doskona\u0142o\u015b\u0107 Dydaktyczna Akademii Humanitas - Akademia Humanitas","description":"Akademia Humanitas realizuje projekt pt. \u201eDoskona\u0142o\u015b\u0107 dydaktyczna Akademii Humanitas\u201d, kt\u00f3rego celem jest podniesienie kompetencji i\/lub kwalifikacji kadry prowadz\u0105cej dydaktyk\u0119 w Akademii Humanitas.","robots":{"index":"index","follow":"follow","max-snippet":"max-snippet:-1","max-image-preview":"max-image-preview:large","max-video-preview":"max-video-preview:-1"},"canonical":"https:\/\/humanitas.edu.pl\/en\/projekty\/doskonalosc-dydaktyczna-akademii-humanitas\/","og_locale":"en_US","og_type":"article","og_title":"Doskona\u0142o\u015b\u0107 Dydaktyczna Akademii Humanitas","og_description":"Akademia Humanitas realizuje projekt pt. \u201eDoskona\u0142o\u015b\u0107 dydaktyczna Akademii Humanitas\u201d, kt\u00f3rego celem jest podniesienie kompetencji i\/lub kwalifikacji kadry prowadz\u0105cej dydaktyk\u0119 w Akademii Humanitas.","og_url":"https:\/\/humanitas.edu.pl\/en\/projekty\/doskonalosc-dydaktyczna-akademii-humanitas\/","og_site_name":"Akademia Humanitas","article_modified_time":"2026-04-24T13:57:24+00:00","og_image":[{"width":1004,"height":525,"url":"https:\/\/humanitas.edu.pl\/wp-content\/uploads\/2026\/04\/Na-www-projektow.jpg","type":"image\/jpeg"}],"twitter_card":"summary_large_image","twitter_misc":{"Est. reading time":"3 minutes"},"schema":{"@context":"https:\/\/schema.org","@graph":[{"@type":"WebPage","@id":"https:\/\/humanitas.edu.pl\/en\/projekty\/doskonalosc-dydaktyczna-akademii-humanitas\/","url":"https:\/\/humanitas.edu.pl\/en\/projekty\/doskonalosc-dydaktyczna-akademii-humanitas\/","name":"Doskona\u0142o\u015b\u0107 Dydaktyczna Akademii Humanitas - Akademia Humanitas","isPartOf":{"@id":"https:\/\/humanitas.edu.pl\/en\/#website"},"primaryImageOfPage":{"@id":"https:\/\/humanitas.edu.pl\/en\/projekty\/doskonalosc-dydaktyczna-akademii-humanitas\/#primaryimage"},"image":{"@id":"https:\/\/humanitas.edu.pl\/en\/projekty\/doskonalosc-dydaktyczna-akademii-humanitas\/#primaryimage"},"thumbnailUrl":"https:\/\/humanitas.edu.pl\/wp-content\/uploads\/2026\/04\/Na-www-projektow.jpg","datePublished":"2026-04-24T13:57:22+00:00","dateModified":"2026-04-24T13:57:24+00:00","description":"Akademia Humanitas realizuje projekt pt. \u201eDoskona\u0142o\u015b\u0107 dydaktyczna Akademii Humanitas\u201d, kt\u00f3rego celem jest podniesienie kompetencji i\/lub kwalifikacji kadry prowadz\u0105cej dydaktyk\u0119 w Akademii Humanitas.","breadcrumb":{"@id":"https:\/\/humanitas.edu.pl\/en\/projekty\/doskonalosc-dydaktyczna-akademii-humanitas\/#breadcrumb"},"inLanguage":"en-US","potentialAction":[{"@type":"ReadAction","target":["https:\/\/humanitas.edu.pl\/en\/projekty\/doskonalosc-dydaktyczna-akademii-humanitas\/"]}]},{"@type":"ImageObject","inLanguage":"en-US","@id":"https:\/\/humanitas.edu.pl\/en\/projekty\/doskonalosc-dydaktyczna-akademii-humanitas\/#primaryimage","url":"https:\/\/humanitas.edu.pl\/wp-content\/uploads\/2026\/04\/Na-www-projektow.jpg","contentUrl":"https:\/\/humanitas.edu.pl\/wp-content\/uploads\/2026\/04\/Na-www-projektow.jpg","width":1004,"height":525},{"@type":"BreadcrumbList","@id":"https:\/\/humanitas.edu.pl\/en\/projekty\/doskonalosc-dydaktyczna-akademii-humanitas\/#breadcrumb","itemListElement":[{"@type":"ListItem","position":1,"name":"Home","item":"https:\/\/humanitas.edu.pl\/en\/"},{"@type":"ListItem","position":2,"name":"Projects","item":"https:\/\/humanitas.edu.pl\/en\/projekty\/"},{"@type":"ListItem","position":3,"name":"Doskona\u0142o\u015b\u0107 Dydaktyczna Akademii Humanitas"}]},{"@type":"WebSite","@id":"https:\/\/humanitas.edu.pl\/en\/#website","url":"https:\/\/humanitas.edu.pl\/en\/","name":"Akademia Humanitas","description":"","potentialAction":[{"@type":"SearchAction","target":{"@type":"EntryPoint","urlTemplate":"https:\/\/humanitas.edu.pl\/en\/?s={search_term_string}"},"query-input":{"@type":"PropertyValueSpecification","valueRequired":true,"valueName":"search_term_string"}}],"inLanguage":"en-US"}]}},"_links":{"self":[{"href":"https:\/\/humanitas.edu.pl\/en\/wp-json\/wp\/v2\/projects\/23941","targetHints":{"allow":["GET"]}}],"collection":[{"href":"https:\/\/humanitas.edu.pl\/en\/wp-json\/wp\/v2\/projects"}],"about":[{"href":"https:\/\/humanitas.edu.pl\/en\/wp-json\/wp\/v2\/types\/projects"}],"wp:featuredmedia":[{"embeddable":true,"href":"https:\/\/humanitas.edu.pl\/en\/wp-json\/wp\/v2\/media\/23942"}],"wp:attachment":[{"href":"https:\/\/humanitas.edu.pl\/en\/wp-json\/wp\/v2\/media?parent=23941"}],"wp:term":[{"taxonomy":"project-categories","embeddable":true,"href":"https:\/\/humanitas.edu.pl\/en\/wp-json\/wp\/v2\/project-categories?post=23941"},{"taxonomy":"project-tags","embeddable":true,"href":"https:\/\/humanitas.edu.pl\/en\/wp-json\/wp\/v2\/project-tags?post=23941"}],"curies":[{"name":"wp","href":"https:\/\/api.w.org\/{rel}","templated":true}]}}