{"id":13180,"date":"2025-10-31T14:46:43","date_gmt":"2025-10-31T12:46:43","guid":{"rendered":"https:\/\/humanitas.edu.pl\/?page_id=13180"},"modified":"2025-10-31T14:46:43","modified_gmt":"2025-10-31T12:46:43","slug":"seminaria-naukowe-fontes","status":"publish","type":"page","link":"https:\/\/humanitas.edu.pl\/en\/seminaria-naukowe-fontes\/","title":{"rendered":"Seminaria naukowe Fontes"},"content":{"rendered":"<section class=\"block-logo-slider block-logo-slider--with-text\" id=\"block_5d940aea9720f8a2b0330a4b3a25ef40\">\n    <div class=\"container\">\n        <h2 class=\"block-logo-slider__title heading-underline fade-in  no-dot\">Co to jest FONTES?<\/h2>\n    <\/div>\n            <div class=\"block-logo-slider__partners\">\n            <div class=\"container\">\n                                    <div\n                        class=\"block-logo-slider__partner\"\n                        data-partner-index=\"0\"\n                        style=\"\"\n                    >\n                        <figure class=\"block-logo-slider__partner-logo\">\n                            <img loading=\"lazy\" decoding=\"async\" width=\"420\" height=\"500\" src=\"https:\/\/humanitas.edu.pl\/wp-content\/uploads\/2025\/10\/fontes-e1761125282750.jpg\" class=\"attachment-full-size size-full-size\" alt=\"\" aria-hidden=\"true\" \/>                        <\/figure>\n                        <div class=\"block-logo-slider__partner-content\">\n                            <h3 class=\"block-logo-slider__partner-title\">Stowarzyszenie Bada\u0144 nad \u0179r\u00f3d\u0142ami i Funkcjami Prawa FONTES<\/h3>\n                            <div class=\"block-logo-slider__partner-text\"><p>Stowarzyszenie skupia przedstawicieli \u015bwiata nauki oraz praktyk\u00f3w prawa, kt\u00f3rych celem jest poszerzanie tradycyjnych metod badania prawa o nowe perspektywy. D\u0105\u017c\u0105 oni do empirycznego poznania zar\u00f3wno uwarunkowa\u0144 powstawania norm prawnych (materialnych \u017ar\u00f3de\u0142 prawa), jak i spo\u0142eczno-gospodarczych konsekwencji ich stosowania.<br \/>\nBadania prowadzone przez Stowarzyszenie maj\u0105 na celu uporz\u0105dkowanie oraz unowocze\u015bnienie wiedzy dotycz\u0105cej cel\u00f3w ludzkiego dzia\u0142ania \u2013 rozumianego jako aktywno\u015b\u0107 istoty spo\u0142ecznej \u2013 oraz sposob\u00f3w ich realizacji poprzez instytucje prawne i normy pozaprawne. W szczeg\u00f3lno\u015bci obejmuj\u0105 one analiz\u0119 mechanizm\u00f3w i motyw\u00f3w wp\u0142ywania na proces legislacyjny przez jednostki oraz grupy interesu. Innymi s\u0142owy, badamy zasady i normy porz\u0105dku aksjonormatywnego w ca\u0142ym ich bogactwie i z\u0142o\u017cono\u015bci \u2013 zar\u00f3wno w wymiarze formalnym (normy prawne), jak i nieformalnym (regu\u0142y, normy i instytucje nieformalne).<\/p>\n<\/div>\n                        <\/div>\n                    <\/div>\n                                            <\/div>\n        <\/div>\n    <\/section>\n\n\n<section class=\"block-logo-slider block-logo-slider--with-text\" id=\"block_1e220540e55ec4b865c9549a0b347f94\">\n    <div class=\"container\">\n        <h2 class=\"block-logo-slider__title heading-underline fade-in \">Fontes Sosnowiec<\/h2>\n    <\/div>\n            <div class=\"block-logo-slider__partners\">\n            <div class=\"container\">\n                                    <div\n                        class=\"block-logo-slider__partner\"\n                        data-partner-index=\"0\"\n                        style=\"\"\n                    >\n                        <figure class=\"block-logo-slider__partner-logo\">\n                                                    <\/figure>\n                        <div class=\"block-logo-slider__partner-content\">\n                            <h3 class=\"block-logo-slider__partner-title\"><\/h3>\n                            <div class=\"block-logo-slider__partner-text\"><p>W 2017 r. podczas VI Zjazdu\u00a0<a href=\"http:\/\/stowarzyszeniefontes.pl\/\"><strong>Stowarzyszenia Bada\u0144 nad \u0179r\u00f3d\u0142ami i Funkcjami Prawa \u201eFontes\u201d<\/strong><\/a>, podj\u0119ta zosta\u0142a uchwa\u0142a Walnego Zebrania Cz\u0142onk\u00f3w Stowarzyszenia w sprawie utworzenia Oddzia\u0142u Stowarzyszenia w Sosnowcu, z siedzib\u0105 w Akademii Humanitas.<\/p>\n<p>W\u0142adze sosnowieckiego Oddzia\u0142u Stowarzyszenia \u201eFontes\u201d, co kwarta\u0142 organizuj\u0105 w Akademii Humanitas\u00a0 seminaria naukowe po\u015bwi\u0119cone bie\u017c\u0105cym problemom, wydarzeniom zwi\u0105zanym z liter\u0105 prawa w Polsce. Tradycyjnie ju\u017c, cz\u0119\u015b\u0107 merytoryczna ka\u017cdego ze spotka\u0144 poprzedzona jest wr\u0119czeniem przez aktualnie urz\u0119duj\u0105cego Prezesa sosnowieckiego Oddzia\u0142u Stowarzyszenia, dyplom\u00f3w cz\u0142onkowskich nowym cz\u0142onkom Stowarzyszenia oraz certyfikat\u00f3w udzia\u0142u uczestnikom poprzedniego seminarium.<\/p>\n<\/div>\n                        <\/div>\n                    <\/div>\n                                            <\/div>\n        <\/div>\n    <\/section>\n\n\n\n<section class=\"block-articles block-articles--slider block-articles--light-blue\"\n  id=\"block_6be54c545a89a4a9e5ce07fa40ee0c98\">\n\n  \n  <div class=\"container\">\n\n    <div class=\"block-articles__header\">\n      <h2 class=\"block-articles__title heading-underline fade-in \">\n        Od dnia utworzenia Oddzia\u0142u przeprowadzono nast\u0119puj\u0105ce seminaria naukowe      <\/h2>\n\n                  <a \n        href=\"https:\/\/humanitas.edu.pl\/en\/aktualnosci\/?category=fontes#archive\" \n        class=\"more-link fade-in \"\n        target=\"_self\"\n        rel=\"\"\n        title=\"View all\"\n        aria-label=\"View all\" \n    >\n        <span class=\"more-link__text\">View all<\/span>\n        <span class=\"more-link__icon\">\n            <svg aria-hidden=\"true\" focusable=\"false\" xmlns=\"http:\/\/www.w3.org\/2000\/svg\" width=\"32\" height=\"32\" viewBox=\"0 0 32 32\" fill=\"none\">\n  <path d=\"M21.3376 12.5523L9.86218 24.0277L7.97656 22.1421L19.452 10.6667H9.33766V8H24.0043V22.6667H21.3376V12.5523Z\" fill=\"#1D1F52\"\/>\n<\/svg>        <\/span>\n    <\/a>\n          <\/div>\n\n    \n          <div class=\"block-articles__slider card-slider fade-in js-delay\" >\n                  <article class=\"article-card article-card--post block-articles__slide article-card--primary\">\n    <a href=\"https:\/\/humanitas.edu.pl\/aktualnosci\/xxi-seminarium-naukowe-stowarzyszenia-fontes-kontynuacja-cyklu\/\"\n        class=\"article-card__link\"\n        title=\"XXI Seminarium naukowe Stowarzyszenia &#8220;Fontes&#8221;\u2013 kontynuacja cyklu\"\n        aria-label=\"XXI Seminarium naukowe Stowarzyszenia &#8220;Fontes&#8221;\u2013 kontynuacja cyklu\"\n    >\n        <figure class=\"article-card__image\">\n            <img loading=\"lazy\" decoding=\"async\" width=\"300\" height=\"225\" src=\"https:\/\/humanitas.edu.pl\/wp-content\/uploads\/2026\/04\/Fontes-nowy-300x225.jpg\" class=\"attachment-medium size-medium\" alt=\"\" aria-hidden=\"true\" srcset=\"https:\/\/humanitas.edu.pl\/wp-content\/uploads\/2026\/04\/Fontes-nowy-300x225.jpg 300w, https:\/\/humanitas.edu.pl\/wp-content\/uploads\/2026\/04\/Fontes-nowy-1024x768.jpg 1024w, https:\/\/humanitas.edu.pl\/wp-content\/uploads\/2026\/04\/Fontes-nowy-768x576.jpg 768w, https:\/\/humanitas.edu.pl\/wp-content\/uploads\/2026\/04\/Fontes-nowy.jpg 1200w\" sizes=\"(max-width: 300px) 100vw, 300px\" \/>        <\/figure>\n        <div class=\"article-card__content\">\n            <div class=\"article-card__categories\">\n                                    <span class=\"article-card__category\">Fontes<\/span>\n                            <\/div>\n            <h3 class=\"article-card__title\">XXI Seminarium naukowe Stowarzyszenia &#8220;Fontes&#8221;\u2013 kontynuacja cyklu<\/h3>\n        <\/div>\n    <\/a>\n<\/article>\n                  <article class=\"article-card article-card--post block-articles__slide article-card--primary\">\n    <a href=\"https:\/\/humanitas.edu.pl\/aktualnosci\/jubileuszowe-xx-seminarium-naukowe-fontes\/\"\n        class=\"article-card__link\"\n        title=\"Jubileuszowe XX Seminarium naukowe Stowarzyszenia &#8220;Fontes&#8221;\"\n        aria-label=\"Jubileuszowe XX Seminarium naukowe Stowarzyszenia &#8220;Fontes&#8221;\"\n    >\n        <figure class=\"article-card__image\">\n            <img loading=\"lazy\" decoding=\"async\" width=\"300\" height=\"225\" src=\"https:\/\/humanitas.edu.pl\/wp-content\/uploads\/2025\/10\/fontes2-300x225.jpg\" class=\"attachment-medium size-medium\" alt=\"\" aria-hidden=\"true\" srcset=\"https:\/\/humanitas.edu.pl\/wp-content\/uploads\/2025\/10\/fontes2-300x225.jpg 300w, https:\/\/humanitas.edu.pl\/wp-content\/uploads\/2025\/10\/fontes2-1024x768.jpg 1024w, https:\/\/humanitas.edu.pl\/wp-content\/uploads\/2025\/10\/fontes2-768x576.jpg 768w, https:\/\/humanitas.edu.pl\/wp-content\/uploads\/2025\/10\/fontes2.jpg 1200w\" sizes=\"(max-width: 300px) 100vw, 300px\" \/>        <\/figure>\n        <div class=\"article-card__content\">\n            <div class=\"article-card__categories\">\n                                    <span class=\"article-card__category\">Fontes<\/span>\n                            <\/div>\n            <h3 class=\"article-card__title\">Jubileuszowe XX Seminarium naukowe Stowarzyszenia &#8220;Fontes&#8221;<\/h3>\n        <\/div>\n    <\/a>\n<\/article>\n                  <article class=\"article-card article-card--post block-articles__slide article-card--primary\">\n    <a href=\"https:\/\/humanitas.edu.pl\/aktualnosci\/xix-seminarium-stowarzyszenia-fontes-nowe-technologie-a-przestepstwo-kradziezy-wyzwania-dla-systemu-prawa-stanowionego\/\"\n        class=\"article-card__link\"\n        title=\"XIX Seminarium Stowarzyszenia \u201eFontes\u201d: Nowe technologie a przest\u0119pstwo kradzie\u017cy &#8211; wyzwania dla systemu prawa stanowionego\"\n        aria-label=\"XIX Seminarium Stowarzyszenia \u201eFontes\u201d: Nowe technologie a przest\u0119pstwo kradzie\u017cy &#8211; wyzwania dla systemu prawa stanowionego\"\n    >\n        <figure class=\"article-card__image\">\n            <img loading=\"lazy\" decoding=\"async\" width=\"300\" height=\"158\" src=\"https:\/\/humanitas.edu.pl\/wp-content\/uploads\/2025\/05\/fontes1-300x158.jpg\" class=\"attachment-medium size-medium\" alt=\"\" aria-hidden=\"true\" srcset=\"https:\/\/humanitas.edu.pl\/wp-content\/uploads\/2025\/05\/fontes1-300x158.jpg 300w, https:\/\/humanitas.edu.pl\/wp-content\/uploads\/2025\/05\/fontes1.jpg 500w\" sizes=\"(max-width: 300px) 100vw, 300px\" \/>        <\/figure>\n        <div class=\"article-card__content\">\n            <div class=\"article-card__categories\">\n                                    <span class=\"article-card__category\">Fontes<\/span>\n                            <\/div>\n            <h3 class=\"article-card__title\">XIX Seminarium Stowarzyszenia \u201eFontes\u201d: Nowe technologie a przest\u0119pstwo kradzie\u017cy &#8211; wyzwania dla systemu prawa stanowionego<\/h3>\n        <\/div>\n    <\/a>\n<\/article>\n                  <article class=\"article-card article-card--post block-articles__slide article-card--primary\">\n    <a href=\"https:\/\/humanitas.edu.pl\/aktualnosci\/xviii-seminarium-stowarzyszenia-fontes-refleksje-nad-prawem-do-posiadania-broni\/\"\n        class=\"article-card__link\"\n        title=\"XVIII Seminarium Stowarzyszenia \u201eFontes\u201d: Refleksje nad prawem do posiadania broni\"\n        aria-label=\"XVIII Seminarium Stowarzyszenia \u201eFontes\u201d: Refleksje nad prawem do posiadania broni\"\n    >\n        <figure class=\"article-card__image\">\n            <img loading=\"lazy\" decoding=\"async\" width=\"300\" height=\"158\" src=\"https:\/\/humanitas.edu.pl\/wp-content\/uploads\/2025\/10\/Fontes-XVIII-300x158.jpg\" class=\"attachment-medium size-medium\" alt=\"\" aria-hidden=\"true\" srcset=\"https:\/\/humanitas.edu.pl\/wp-content\/uploads\/2025\/10\/Fontes-XVIII-300x158.jpg 300w, https:\/\/humanitas.edu.pl\/wp-content\/uploads\/2025\/10\/Fontes-XVIII.jpg 500w\" sizes=\"(max-width: 300px) 100vw, 300px\" \/>        <\/figure>\n        <div class=\"article-card__content\">\n            <div class=\"article-card__categories\">\n                                    <span class=\"article-card__category\">Fontes<\/span>\n                            <\/div>\n            <h3 class=\"article-card__title\">XVIII Seminarium Stowarzyszenia \u201eFontes\u201d: Refleksje nad prawem do posiadania broni<\/h3>\n        <\/div>\n    <\/a>\n<\/article>\n                  <article class=\"article-card article-card--post block-articles__slide article-card--primary\">\n    <a href=\"https:\/\/humanitas.edu.pl\/aktualnosci\/xvii-seminarium-stowarzyszenia-fontes-eutanazja-konflikt-miedzy-prawem-do-samostanowienia-swoim-zyciu-i-smierci-a-prawne-granice-dysponowania-wlasnym-cialem\/\"\n        class=\"article-card__link\"\n        title=\"XVII Seminarium Stowarzyszenia \u201eFontes\u201d: \u201eEutanazja \u2013 konflikt mi\u0119dzy prawem do samostanowienia swoim \u017cyciu i \u015bmierci a prawne granice dysponowania w\u0142asnym cia\u0142em\u201d\u00a0\"\n        aria-label=\"XVII Seminarium Stowarzyszenia \u201eFontes\u201d: \u201eEutanazja \u2013 konflikt mi\u0119dzy prawem do samostanowienia swoim \u017cyciu i \u015bmierci a prawne granice dysponowania w\u0142asnym cia\u0142em\u201d\u00a0\"\n    >\n        <figure class=\"article-card__image\">\n            <img loading=\"lazy\" decoding=\"async\" width=\"300\" height=\"158\" src=\"https:\/\/humanitas.edu.pl\/wp-content\/uploads\/2024\/10\/fontes-tlo-XVI-300x158.jpg\" class=\"attachment-medium size-medium\" alt=\"\" aria-hidden=\"true\" srcset=\"https:\/\/humanitas.edu.pl\/wp-content\/uploads\/2024\/10\/fontes-tlo-XVI-300x158.jpg 300w, https:\/\/humanitas.edu.pl\/wp-content\/uploads\/2024\/10\/fontes-tlo-XVI.jpg 500w\" sizes=\"(max-width: 300px) 100vw, 300px\" \/>        <\/figure>\n        <div class=\"article-card__content\">\n            <div class=\"article-card__categories\">\n                                    <span class=\"article-card__category\">Fontes<\/span>\n                            <\/div>\n            <h3 class=\"article-card__title\">XVII Seminarium Stowarzyszenia \u201eFontes\u201d: \u201eEutanazja \u2013 konflikt mi\u0119dzy prawem do samostanowienia swoim \u017cyciu i \u015bmierci a prawne granice dysponowania w\u0142asnym cia\u0142em\u201d\u00a0<\/h3>\n        <\/div>\n    <\/a>\n<\/article>\n                  <article class=\"article-card article-card--post block-articles__slide article-card--primary\">\n    <a href=\"https:\/\/humanitas.edu.pl\/aktualnosci\/lowcy-pedofilow-analiza-instytucjonalna-9-listopada-2023-r\/\"\n        class=\"article-card__link\"\n        title=\"\u0141owcy pedofil\u00f3w &#8211; analiza instytucjonalna. 9 listopada 2023 r.\"\n        aria-label=\"\u0141owcy pedofil\u00f3w &#8211; analiza instytucjonalna. 9 listopada 2023 r.\"\n    >\n        <figure class=\"article-card__image\">\n            <img loading=\"lazy\" decoding=\"async\" width=\"226\" height=\"300\" src=\"https:\/\/humanitas.edu.pl\/wp-content\/uploads\/2025\/10\/2022uploreso_qual_100_pedofil-666x666-1-226x300.jpg\" class=\"attachment-medium size-medium\" alt=\"\" aria-hidden=\"true\" srcset=\"https:\/\/humanitas.edu.pl\/wp-content\/uploads\/2025\/10\/2022uploreso_qual_100_pedofil-666x666-1-226x300.jpg 226w, https:\/\/humanitas.edu.pl\/wp-content\/uploads\/2025\/10\/2022uploreso_qual_100_pedofil-666x666-1.jpg 256w\" sizes=\"(max-width: 226px) 100vw, 226px\" \/>        <\/figure>\n        <div class=\"article-card__content\">\n            <div class=\"article-card__categories\">\n                                    <span class=\"article-card__category\">Fontes<\/span>\n                            <\/div>\n            <h3 class=\"article-card__title\">\u0141owcy pedofil\u00f3w &#8211; analiza instytucjonalna. 9 listopada 2023 r.<\/h3>\n        <\/div>\n    <\/a>\n<\/article>\n                  <article class=\"article-card article-card--post block-articles__slide article-card--primary\">\n    <a href=\"https:\/\/humanitas.edu.pl\/aktualnosci\/czy-art-55-p-p-s-a-nalezycie-zabezpiecza-prawo-skarzacego-do-sadu-analiza-zakladanych-i-osiagnietych-efektow-regulacji-31-marca-2023-r\/\"\n        class=\"article-card__link\"\n        title=\"Czy art. 55 p.p.s.a. nale\u017cycie zabezpiecza prawo skar\u017c\u0105cego do s\u0105du? Analiza zak\u0142adanych i\u00a0osi\u0105gni\u0119tych efekt\u00f3w regulacji. 31 marca 2023 r.\"\n        aria-label=\"Czy art. 55 p.p.s.a. nale\u017cycie zabezpiecza prawo skar\u017c\u0105cego do s\u0105du? Analiza zak\u0142adanych i\u00a0osi\u0105gni\u0119tych efekt\u00f3w regulacji. 31 marca 2023 r.\"\n    >\n        <figure class=\"article-card__image\">\n            <img loading=\"lazy\" decoding=\"async\" width=\"200\" height=\"300\" src=\"https:\/\/humanitas.edu.pl\/wp-content\/uploads\/2025\/10\/2022uploreso_qual_100_mlot_wyrok.jpg\" class=\"attachment-medium size-medium\" alt=\"\" aria-hidden=\"true\" \/>        <\/figure>\n        <div class=\"article-card__content\">\n            <div class=\"article-card__categories\">\n                                    <span class=\"article-card__category\">Fontes<\/span>\n                            <\/div>\n            <h3 class=\"article-card__title\">Czy art. 55 p.p.s.a. nale\u017cycie zabezpiecza prawo skar\u017c\u0105cego do s\u0105du? Analiza zak\u0142adanych i\u00a0osi\u0105gni\u0119tych efekt\u00f3w regulacji. 31 marca 2023 r.<\/h3>\n        <\/div>\n    <\/a>\n<\/article>\n                  <article class=\"article-card article-card--post block-articles__slide article-card--primary\">\n    <a href=\"https:\/\/humanitas.edu.pl\/aktualnosci\/czy-pracodawca-moze-byc-mobberem-rozwazania-na-tle-art-94-3-k-p-16-grudnia-2022-r\/\"\n        class=\"article-card__link\"\n        title=\"Czy pracodawca mo\u017ce by\u0107 mobberem \u2013 rozwa\u017cania na tle art. 94 (3) k.p. 16 grudnia 2022 r.\"\n        aria-label=\"Czy pracodawca mo\u017ce by\u0107 mobberem \u2013 rozwa\u017cania na tle art. 94 (3) k.p. 16 grudnia 2022 r.\"\n    >\n        <figure class=\"article-card__image\">\n            <img loading=\"lazy\" decoding=\"async\" width=\"226\" height=\"300\" src=\"https:\/\/humanitas.edu.pl\/wp-content\/uploads\/2025\/10\/menuuploreso_qual_100_przemoc-w-pracy-226x300.jpg\" class=\"attachment-medium size-medium\" alt=\"\" aria-hidden=\"true\" srcset=\"https:\/\/humanitas.edu.pl\/wp-content\/uploads\/2025\/10\/menuuploreso_qual_100_przemoc-w-pracy-226x300.jpg 226w, https:\/\/humanitas.edu.pl\/wp-content\/uploads\/2025\/10\/menuuploreso_qual_100_przemoc-w-pracy.jpg 256w\" sizes=\"(max-width: 226px) 100vw, 226px\" \/>        <\/figure>\n        <div class=\"article-card__content\">\n            <div class=\"article-card__categories\">\n                                    <span class=\"article-card__category\">Fontes<\/span>\n                            <\/div>\n            <h3 class=\"article-card__title\">Czy pracodawca mo\u017ce by\u0107 mobberem \u2013 rozwa\u017cania na tle art. 94 (3) k.p. 16 grudnia 2022 r.<\/h3>\n        <\/div>\n    <\/a>\n<\/article>\n              <\/div>\n    \n  <\/div>\n\n  <\/section>\n\n\n<section class=\"block-offer-links\" id=\"block_4ac3f4b24684cbdc0a180f48b62b0fd1\">\n    \n<div class=\"triangle triangle--top-right default\">\n    <svg aria-hidden=\"true\" focusable=\"false\" width=\"1440\" height=\"98\" viewBox=\"0 0 1440 98\" fill=\"none\" xmlns=\"http:\/\/www.w3.org\/2000\/svg\">\n<path d=\"M1440 98L0 0H1440V98Z\" fill=\"white\"\/>\n<\/svg>\n<\/div>\n        <div class=\"container\">\n        <h2 class=\"block-offer-links__title heading-underline heading-dot fade-in \">Dokumenty<\/h2>\n        <div class=\"block-offer-links__wrapper\">\n            <div class=\"block-offer-links__links fade-in js-delay\">\n                                    \n    <a href=\"https:\/\/humanitas.edu.pl\/wp-content\/uploads\/2025\/10\/Fontes_O_Sosnowiec_Regulamin.pdf\" target=\"\" class=\"button-offer-card button-offer-card--blue  block-offer-links__link js-delay-item\" data-id=\"offer-0\">\n                <span class=\"button-offer-card__title\">Regulamin Funkcjonowania Oddzia\u0142u<\/span>\n    <\/a href=\"https:\/\/humanitas.edu.pl\/wp-content\/uploads\/2025\/10\/Fontes_O_Sosnowiec_Regulamin.pdf\" target=\"\">\n                                    \n    <a href=\"https:\/\/humanitas.edu.pl\/wp-content\/uploads\/2025\/10\/O_Sosnowiec_program-FONTES.pdf\" target=\"\" class=\"button-offer-card button-offer-card--blue  block-offer-links__link js-delay-item\" data-id=\"offer-1\">\n                <span class=\"button-offer-card__title\">Program Oddzia\u0142u Stowarzyszenia w Sosnowcu<\/span>\n    <\/a href=\"https:\/\/humanitas.edu.pl\/wp-content\/uploads\/2025\/10\/O_Sosnowiec_program-FONTES.pdf\" target=\"\">\n                            <\/div>\n            <div class=\"block-offer-links__sidebar fade-in\">\n                                    <div class=\"block-offer-links__sidebar-single\" id=\"offer-0\">\n                        <h3 class=\"block-offer-links__sidebar-title\">Regulamin Funkcjonowania Oddzia\u0142u<\/h3>\n                        <div class=\"block-offer-links__sidebar-content\">\n                            <ul class=\"block-offer-links__sidebar-list list-styles\">\n                                                            <\/ul>\n                                                            <a href=\"https:\/\/humanitas.edu.pl\/wp-content\/uploads\/2025\/10\/Fontes_O_Sosnowiec_Regulamin.pdf\" class=\"block-offer-links__sidebar-cta-link\">\n                                    Go to the offer page                                    <svg aria-hidden=\"true\" focusable=\"false\" xmlns=\"http:\/\/www.w3.org\/2000\/svg\" width=\"12\" height=\"11\" viewBox=\"0 0 12 11\" fill=\"none\">\n  <path d=\"M8.78627 4.83147L5.21027 1.25547L6.15307 0.312673L11.3385 5.49814L6.15307 10.6836L5.21027 9.74078L8.78627 6.16481L0.671875 6.16481L0.671875 4.83147L8.78627 4.83147Z\" fill=\"#08113C\"\/>\n<\/svg>                                <\/a>\n                            \n                        <\/div>\n                    <\/div>\n                                    <div class=\"block-offer-links__sidebar-single\" id=\"offer-1\">\n                        <h3 class=\"block-offer-links__sidebar-title\">Program Oddzia\u0142u Stowarzyszenia w Sosnowcu<\/h3>\n                        <div class=\"block-offer-links__sidebar-content\">\n                            <ul class=\"block-offer-links__sidebar-list list-styles\">\n                                                            <\/ul>\n                                                            <a href=\"https:\/\/humanitas.edu.pl\/wp-content\/uploads\/2025\/10\/O_Sosnowiec_program-FONTES.pdf\" class=\"block-offer-links__sidebar-cta-link\">\n                                    Go to the offer page                                    <svg aria-hidden=\"true\" focusable=\"false\" xmlns=\"http:\/\/www.w3.org\/2000\/svg\" width=\"12\" height=\"11\" viewBox=\"0 0 12 11\" fill=\"none\">\n  <path d=\"M8.78627 4.83147L5.21027 1.25547L6.15307 0.312673L11.3385 5.49814L6.15307 10.6836L5.21027 9.74078L8.78627 6.16481L0.671875 6.16481L0.671875 4.83147L8.78627 4.83147Z\" fill=\"#08113C\"\/>\n<\/svg>                                <\/a>\n                            \n                        <\/div>\n                    <\/div>\n                            <\/div>\n        <\/div>\n    <\/div>\n    \n<div class=\"triangle triangle--bottom-left default\">\n    <svg aria-hidden=\"true\" focusable=\"false\" width=\"1440\" height=\"98\" viewBox=\"0 0 1440 98\" fill=\"none\" xmlns=\"http:\/\/www.w3.org\/2000\/svg\">\n<path d=\"M0 0L1440 98H0V0Z\" fill=\"white\"\/>\n<\/svg>\n<\/div>\n<\/section>\n","protected":false},"excerpt":{"rendered":"","protected":false},"author":7,"featured_media":0,"parent":0,"menu_order":0,"comment_status":"closed","ping_status":"closed","template":"","meta":{"_acf_changed":false,"inline_featured_image":false,"footnotes":""},"class_list":["post-13180","page","type-page","status-publish","hentry"],"acf":[],"yoast_head":"<!-- This site is optimized with the Yoast SEO Premium plugin v27.3 (Yoast SEO v27.3) - https:\/\/yoast.com\/product\/yoast-seo-premium-wordpress\/ -->\n<title>Seminaria naukowe Fontes - Akademia Humanitas<\/title>\n<meta name=\"description\" content=\"Seminarium FONTES Akademia Humanitas bada wp\u0142yw norm prawnych na spo\u0142ecze\u0144stwo i analizuje nowe perspektywy w prawie.\" \/>\n<meta name=\"robots\" content=\"index, follow, max-snippet:-1, max-image-preview:large, max-video-preview:-1\" \/>\n<link rel=\"canonical\" href=\"https:\/\/humanitas.edu.pl\/en\/seminaria-naukowe-fontes\/\" \/>\n<meta property=\"og:locale\" content=\"en_US\" \/>\n<meta property=\"og:type\" content=\"article\" \/>\n<meta property=\"og:title\" content=\"Seminaria naukowe Fontes\" \/>\n<meta property=\"og:description\" content=\"Seminarium FONTES Akademia Humanitas bada wp\u0142yw norm prawnych na spo\u0142ecze\u0144stwo i analizuje nowe perspektywy w prawie.\" \/>\n<meta property=\"og:url\" content=\"https:\/\/humanitas.edu.pl\/en\/seminaria-naukowe-fontes\/\" \/>\n<meta property=\"og:site_name\" content=\"Akademia Humanitas\" \/>\n<meta name=\"twitter:card\" content=\"summary_large_image\" \/>\n<meta name=\"twitter:label1\" content=\"Est. reading time\" \/>\n\t<meta name=\"twitter:data1\" content=\"4 minutes\" \/>\n<script type=\"application\/ld+json\" class=\"yoast-schema-graph\">{\"@context\":\"https:\\\/\\\/schema.org\",\"@graph\":[{\"@type\":\"WebPage\",\"@id\":\"https:\\\/\\\/humanitas.edu.pl\\\/en\\\/seminaria-naukowe-fontes\\\/\",\"url\":\"https:\\\/\\\/humanitas.edu.pl\\\/en\\\/seminaria-naukowe-fontes\\\/\",\"name\":\"Seminaria naukowe Fontes - Akademia Humanitas\",\"isPartOf\":{\"@id\":\"https:\\\/\\\/humanitas.edu.pl\\\/en\\\/#website\"},\"datePublished\":\"2025-10-31T12:46:43+00:00\",\"description\":\"Seminarium FONTES Akademia Humanitas bada wp\u0142yw norm prawnych na spo\u0142ecze\u0144stwo i analizuje nowe perspektywy w prawie.\",\"breadcrumb\":{\"@id\":\"https:\\\/\\\/humanitas.edu.pl\\\/en\\\/seminaria-naukowe-fontes\\\/#breadcrumb\"},\"inLanguage\":\"en-US\",\"potentialAction\":[{\"@type\":\"ReadAction\",\"target\":[\"https:\\\/\\\/humanitas.edu.pl\\\/en\\\/seminaria-naukowe-fontes\\\/\"]}]},{\"@type\":\"BreadcrumbList\",\"@id\":\"https:\\\/\\\/humanitas.edu.pl\\\/en\\\/seminaria-naukowe-fontes\\\/#breadcrumb\",\"itemListElement\":[{\"@type\":\"ListItem\",\"position\":1,\"name\":\"Home\",\"item\":\"https:\\\/\\\/humanitas.edu.pl\\\/en\\\/\"},{\"@type\":\"ListItem\",\"position\":2,\"name\":\"Seminaria naukowe Fontes\"}]},{\"@type\":\"WebSite\",\"@id\":\"https:\\\/\\\/humanitas.edu.pl\\\/en\\\/#website\",\"url\":\"https:\\\/\\\/humanitas.edu.pl\\\/en\\\/\",\"name\":\"Akademia Humanitas\",\"description\":\"\",\"potentialAction\":[{\"@type\":\"SearchAction\",\"target\":{\"@type\":\"EntryPoint\",\"urlTemplate\":\"https:\\\/\\\/humanitas.edu.pl\\\/en\\\/?s={search_term_string}\"},\"query-input\":{\"@type\":\"PropertyValueSpecification\",\"valueRequired\":true,\"valueName\":\"search_term_string\"}}],\"inLanguage\":\"en-US\"}]}<\/script>\n<!-- \/ Yoast SEO Premium plugin. -->","yoast_head_json":{"title":"Seminaria naukowe Fontes - Akademia Humanitas","description":"Seminarium FONTES Akademia Humanitas bada wp\u0142yw norm prawnych na spo\u0142ecze\u0144stwo i analizuje nowe perspektywy w prawie.","robots":{"index":"index","follow":"follow","max-snippet":"max-snippet:-1","max-image-preview":"max-image-preview:large","max-video-preview":"max-video-preview:-1"},"canonical":"https:\/\/humanitas.edu.pl\/en\/seminaria-naukowe-fontes\/","og_locale":"en_US","og_type":"article","og_title":"Seminaria naukowe Fontes","og_description":"Seminarium FONTES Akademia Humanitas bada wp\u0142yw norm prawnych na spo\u0142ecze\u0144stwo i analizuje nowe perspektywy w prawie.","og_url":"https:\/\/humanitas.edu.pl\/en\/seminaria-naukowe-fontes\/","og_site_name":"Akademia Humanitas","twitter_card":"summary_large_image","twitter_misc":{"Est. reading time":"4 minutes"},"schema":{"@context":"https:\/\/schema.org","@graph":[{"@type":"WebPage","@id":"https:\/\/humanitas.edu.pl\/en\/seminaria-naukowe-fontes\/","url":"https:\/\/humanitas.edu.pl\/en\/seminaria-naukowe-fontes\/","name":"Seminaria naukowe Fontes - Akademia Humanitas","isPartOf":{"@id":"https:\/\/humanitas.edu.pl\/en\/#website"},"datePublished":"2025-10-31T12:46:43+00:00","description":"Seminarium FONTES Akademia Humanitas bada wp\u0142yw norm prawnych na spo\u0142ecze\u0144stwo i analizuje nowe perspektywy w prawie.","breadcrumb":{"@id":"https:\/\/humanitas.edu.pl\/en\/seminaria-naukowe-fontes\/#breadcrumb"},"inLanguage":"en-US","potentialAction":[{"@type":"ReadAction","target":["https:\/\/humanitas.edu.pl\/en\/seminaria-naukowe-fontes\/"]}]},{"@type":"BreadcrumbList","@id":"https:\/\/humanitas.edu.pl\/en\/seminaria-naukowe-fontes\/#breadcrumb","itemListElement":[{"@type":"ListItem","position":1,"name":"Home","item":"https:\/\/humanitas.edu.pl\/en\/"},{"@type":"ListItem","position":2,"name":"Seminaria naukowe Fontes"}]},{"@type":"WebSite","@id":"https:\/\/humanitas.edu.pl\/en\/#website","url":"https:\/\/humanitas.edu.pl\/en\/","name":"Akademia Humanitas","description":"","potentialAction":[{"@type":"SearchAction","target":{"@type":"EntryPoint","urlTemplate":"https:\/\/humanitas.edu.pl\/en\/?s={search_term_string}"},"query-input":{"@type":"PropertyValueSpecification","valueRequired":true,"valueName":"search_term_string"}}],"inLanguage":"en-US"}]}},"_links":{"self":[{"href":"https:\/\/humanitas.edu.pl\/en\/wp-json\/wp\/v2\/pages\/13180","targetHints":{"allow":["GET"]}}],"collection":[{"href":"https:\/\/humanitas.edu.pl\/en\/wp-json\/wp\/v2\/pages"}],"about":[{"href":"https:\/\/humanitas.edu.pl\/en\/wp-json\/wp\/v2\/types\/page"}],"author":[{"embeddable":true,"href":"https:\/\/humanitas.edu.pl\/en\/wp-json\/wp\/v2\/users\/7"}],"replies":[{"embeddable":true,"href":"https:\/\/humanitas.edu.pl\/en\/wp-json\/wp\/v2\/comments?post=13180"}],"version-history":[{"count":8,"href":"https:\/\/humanitas.edu.pl\/en\/wp-json\/wp\/v2\/pages\/13180\/revisions"}],"predecessor-version":[{"id":13224,"href":"https:\/\/humanitas.edu.pl\/en\/wp-json\/wp\/v2\/pages\/13180\/revisions\/13224"}],"wp:attachment":[{"href":"https:\/\/humanitas.edu.pl\/en\/wp-json\/wp\/v2\/media?parent=13180"}],"curies":[{"name":"wp","href":"https:\/\/api.w.org\/{rel}","templated":true}]}}