{"id":11403,"date":"2025-09-23T08:58:17","date_gmt":"2025-09-23T08:58:17","guid":{"rendered":"https:\/\/humanitas.edu.pl\/?post_type=events&#038;p=11403"},"modified":"2025-10-23T09:19:22","modified_gmt":"2025-10-23T07:19:22","slug":"xii-konferencja-dyrektor-liderem-tutoring-jako-droga-do-rozwoju-szkoly-juz-23-pazdziernika-w-akademii-humanitas","status":"publish","type":"events","link":"https:\/\/humanitas.edu.pl\/en\/events-en\/xii-konferencja-dyrektor-liderem-tutoring-jako-droga-do-rozwoju-szkoly-juz-23-pazdziernika-w-akademii-humanitas\/","title":{"rendered":"XII Konferencja \u201eDyrektor Liderem \u2013 Tutoring jako droga do rozwoju szko\u0142y\u201d ju\u017c 23 pa\u017adziernika w Akademii Humanitas!"},"content":{"rendered":"\n<p class=\"is-style-paragraph-lead\">Dyrektor szko\u0142y w roli tutora, nauczyciel jako mentor, a szko\u0142a jako przestrze\u0144 prawdziwych wi\u0119zi \u2013 to wizja, kt\u00f3ra mo\u017ce ca\u0142kowicie zmieni\u0107 spos\u00f3b, w jaki my\u015blimy o edukacji. I w\u0142a\u015bnie o takich wyzwaniach i mo\u017cliwo\u015bciach porozmawiamy podczas<a href=\"https:\/\/humanitas.edu.pl\/dyrektor-liderem\/dyrektor-liderem-tutoring-jako-droga-do-rozwoju-szkoly\/\"> <strong>XII Konferencji \u201eDyrektor Liderem\u201d<\/strong><\/a>. Ju\u017c <strong>23 pa\u017adziernika 2025 r.<\/strong> Akademia Humanitas zaprosi do dyskusji lider\u00f3w o\u015bwiaty, nauczycieli, edukator\u00f3w, a tak\u017ce student\u00f3w i przysz\u0142ych pedagog\u00f3w.<\/p>\n\n\n\n<p>Tegoroczne spotkanie odb\u0119dzie si\u0119 pod has\u0142em: <strong>\u201eTutoring jako droga do rozwoju szko\u0142y\u201d<\/strong>. To temat niezwykle aktualny \u2013 bo tutoring nie tylko wspiera uczni\u00f3w, ale te\u017c pozwala nauczycielom i dyrektorom rozwija\u0107 kompetencje przyw\u00f3dcze, komunikacyjne i wychowawcze.<\/p>\n\n\n\n<h2 class=\"wp-block-heading has-medium-font-size\" id=\"h-konferencja-ktora-pokaze-ci-jak-tutoring-zmienia-szkole-od-srodka-nbsp\"><strong>Konferencja, kt\u00f3ra poka\u017ce Ci, jak tutoring zmienia szko\u0142\u0119 od \u015brodka&nbsp;<\/strong><\/h2>\n\n\n\n<p>W ci\u0105gu jednego dnia mo\u017cesz zyska\u0107 to, na co czasem trzeba lat \u2013 wiedz\u0119, inspiracje i kontakty. Podczas konferencji czekaj\u0105 na Ciebie bezp\u0142atne wyk\u0142ady i warsztaty prowadzone przez praktyk\u00f3w, kt\u00f3rzy poka\u017c\u0105, jak prze\u0142o\u017cy\u0107 tutoring na szkoln\u0105 codzienno\u015b\u0107. To tak\u017ce okazja do rozmowy z lud\u017ami, kt\u00f3rzy \u2013 podobnie jak Ty \u2013 chc\u0105, by szko\u0142a by\u0142a miejscem wsp\u00f3\u0142pracy, wsparcia i rozwoju.<\/p>\n\n\n\n<p>Cykl spotka\u0144 <strong>\u201eDyrektor Liderem\u201d<\/strong>, organizowany przez Akademi\u0119 Humanitas od 2015 roku, sta\u0142 si\u0119 jedn\u0105 z najwa\u017cniejszych przestrzeni dyskusji o edukacji w woj. \u015bl\u0105skim. Co roku gromadzi setki os\u00f3b i niezmiennie udowadnia, \u017ce edukacja potrzebuje lider\u00f3w gotowych na zmiany.<\/p>\n\n\n\n<h2 class=\"wp-block-heading has-medium-font-size\" id=\"h-program-konferencji\"><strong>Program konferencji<\/strong><\/h2>\n\n\n\n<p>Na uczestnik\u00f3w czeka intensywny dzie\u0144 pe\u0142en wiedzy, praktyki i inspiruj\u0105cych spotka\u0144. Zobacz, jak b\u0119dzie wygl\u0105da\u0142a <strong>XII Konferencja \u201eDyrektor Liderem\u201d<\/strong>:<\/p>\n\n\n\n<p><strong>\ud83d\udd39Rejestracja uczestnik\u00f3w<\/strong>: 08:45-09:30<br>\ud83d\udd39<strong>Powitanie przez W\u0142adze Akademii Humanitas<\/strong>: 09:30-10:00<br><strong>\ud83d\udd39Cz\u0119\u015b\u0107 wyk\u0142adowa (10:00-12:00):<\/strong><\/p>\n\n\n\n<ul class=\"wp-block-list\">\n<li><strong>Damian Kupczyk <\/strong>\u2013 \u201cOd dyrektora do tutora: budowanie spersonalizowanego wsparcia w szkole.\u201d<\/li>\n\n\n\n<li><strong>Martyna Jarz\u0105b <\/strong>(Fundacja Wielog\u0142osu) \u2013 \u201cJak dba\u0107 o w\u0142asn\u0105 odporno\u015b\u0107 psychiczn\u0105, b\u0119d\u0105c doros\u0142ym wspieraj\u0105cym dzieci i m\u0142odzie\u017c?\u201d<\/li>\n\n\n\n<li><strong>Joanna Gardynik <\/strong>\u2013 \u201cJak tutoring mo\u017ce wspiera\u0107 doros\u0142ych w szkole?\u201d<\/li>\n\n\n\n<li>Sesja pyta\u0144 i odpowiedzi z ekspertami<\/li>\n<\/ul>\n\n\n\n<p><strong>\ud83d\udd39Przerwa networkingowa<\/strong>: 12:00-12:30<br><strong>\ud83d\udd39Warsztaty r\u00f3wnoleg\u0142e: <\/strong>12:30-14:00<\/p>\n\n\n\n<ul class=\"wp-block-list\">\n<li><strong>Bart\u0142omiej Marsza\u0142ek<\/strong> (Fundacja TDJ) \u2013 \u201cJak tutoring wspiera sprawczo\u015b\u0107 i poczucie skuteczno\u015bci u dzieci i m\u0142odzie\u017cy?\u201d<\/li>\n\n\n\n<li><strong>Monika Szczepanik<\/strong> \u2013 \u201cJak tutoring wspiera prac\u0119 wychowawcz\u0105 i autentyczny kontakt z m\u0142odymi lud\u017ami?\u201d<\/li>\n\n\n\n<li><strong>Ma\u0142gorzata Zieli\u0144ska<\/strong> \u2013 \u201cJak tutoring wspiera budowanie samo\u015bwiadomo\u015bci u dzieci i m\u0142odzie\u017cy?\u201d<\/li>\n\n\n\n<li><strong>Joanna Gardynik <\/strong>\u2013 \u201cTutoring w Liceum Miejsce \u2013 jak go zaprojektowa\u0107 i wdro\u017cy\u0107?\u201d<\/li>\n\n\n\n<li><strong>Anna \u017byme\u0142ka<\/strong> \u2013 \u201cNarz\u0119dzia tutoringu, kt\u00f3rych mo\u017cesz u\u017cy\u0107 na lekcji.\u201d<\/li>\n\n\n\n<li><strong>Marcin Szala <\/strong>\u2013 \u201cCzego (poza wiedz\u0105) nauczy\u0142 mnie tutoring na Oxfordzie?\u201d<\/li>\n<\/ul>\n\n\n\n<p><strong>\ud83d\udd39Zako\u0144czenie konferencji<\/strong>: 14:00<\/p>\n\n\n\n<p>Szczeg\u00f3\u0142owe informacje dotycz\u0105ce konferencji znajduj\u0105 si\u0119 na stronie <a href=\"https:\/\/humanitas.edu.pl\/dl2025\">https:\/\/humanitas.edu.pl\/dl2025<\/a><\/p>\n\n\n\n<h2 class=\"wp-block-heading has-medium-font-size\" id=\"h-dlaczego-warto-byc-z-nami-23-pazdziernika\"><strong>Dlaczego warto by\u0107 z nami 23 pa\u017adziernika?<\/strong><\/h2>\n\n\n\n<p>Akademia Humanitas od lat konsekwentnie buduje przestrze\u0144 dla lider\u00f3w edukacji \u2013 dyrektor\u00f3w, pedagog\u00f3w, psycholog\u00f3w i nauczycieli \u2013 by rozwija\u0107 kluczowe kompetencje i tworzy\u0107 szko\u0142y bezpieczne, ciekawe i efektywne. Spotkania z cyklu <strong>\u201eDyrektor Liderem\u201d<\/strong> maj\u0105 nie tylko wysok\u0105 rang\u0119 merytoryczn\u0105, ale te\u017c inspiruj\u0105 do wdra\u017cania zmian, kt\u00f3re realnie poprawiaj\u0105 jako\u015b\u0107 nauczania i komunikacji w szko\u0142ach.<\/p>\n\n\n\n<p>Konferencja jest miejscem spotkania dla tych, kt\u00f3rzy na co dzie\u0144 pracuj\u0105 w o\u015bwiacie, dla tych, kt\u00f3rzy studiuj\u0105 pedagogik\u0119 lub psychologi\u0119, a tak\u017ce dla wszystkich, kt\u00f3rzy po prostu wierz\u0105 w si\u0142\u0119 edukacji i chc\u0105 poszerza\u0107 swoje horyzonty.<\/p>\n\n\n\n<h2 class=\"wp-block-heading has-medium-font-size\" id=\"h-rejestracja\"><strong>Rejestracja<\/strong><\/h2>\n\n\n\n<p>\ud83d\udccd Udzia\u0142 w wydarzeniu jest <strong>bezp\u0142atny<\/strong><br>\ud83d\udccd Obowi\u0105zuje wcze\u015bniejsza rejestracja <a href=\"https:\/\/app.evenea.pl\/event\/906514-3\/\">[link]<\/a><br>\ud83d\udccd Akademia Humanitas w Sosnowcu, Sala 303<\/p>\n\n\n\n<p>Do\u0142\u0105cz do nas <strong>23 pa\u017adziernika 2025 r.<\/strong> i przekonaj si\u0119, jak tutoring mo\u017ce otworzy\u0107 nowe mo\u017cliwo\u015bci dla Ciebie i Twojej szko\u0142y.<\/p>\n\n\n\n<p><\/p>\n","protected":false},"featured_media":11506,"parent":0,"template":"","events-tags":[258,293],"class_list":["post-11403","events","type-events","status-publish","has-post-thumbnail","hentry","events-tags-konferencja","events-tags-eventy"],"acf":{"event_date":"2025-10-23 06:45:00","event_end_date":"2025-10-23 12:00:00","address_line_1":"Akademia Humanitas","address_line_2":"Ul. Kili\u0144skiego 43, Sosnowiec","sign_up_link":"https:\/\/app.evenea.pl\/event\/906514-3\/"},"yoast_head":"<!-- This site is optimized with the Yoast SEO Premium plugin v27.3 (Yoast SEO v27.3) - https:\/\/yoast.com\/product\/yoast-seo-premium-wordpress\/ -->\n<title>XII Konferencja \u201eDyrektor Liderem \u2013 Tutoring jako droga do rozwoju szko\u0142y\u201d ju\u017c 23 pa\u017adziernika w Akademii Humanitas! - Akademia Humanitas<\/title>\n<meta name=\"description\" content=\"Do\u0142\u0105cz do XII Konferencji Dyrektor Liderem Humanitas i odkryj nowe mo\u017cliwo\u015bci zwi\u0105zane z tutoringiem w edukacji.\" \/>\n<meta name=\"robots\" content=\"index, follow, max-snippet:-1, max-image-preview:large, max-video-preview:-1\" \/>\n<link rel=\"canonical\" href=\"https:\/\/humanitas.edu.pl\/en\/events-en\/xii-konferencja-dyrektor-liderem-tutoring-jako-droga-do-rozwoju-szkoly-juz-23-pazdziernika-w-akademii-humanitas\/\" \/>\n<meta property=\"og:locale\" content=\"en_US\" \/>\n<meta property=\"og:type\" content=\"article\" \/>\n<meta property=\"og:title\" content=\"XII Konferencja \u201eDyrektor Liderem \u2013 Tutoring jako droga do rozwoju szko\u0142y\u201d ju\u017c 23 pa\u017adziernika w Akademii Humanitas!\" \/>\n<meta property=\"og:description\" content=\"Do\u0142\u0105cz do XII Konferencji Dyrektor Liderem Humanitas i odkryj nowe mo\u017cliwo\u015bci zwi\u0105zane z tutoringiem w edukacji.\" \/>\n<meta property=\"og:url\" content=\"https:\/\/humanitas.edu.pl\/en\/events-en\/xii-konferencja-dyrektor-liderem-tutoring-jako-droga-do-rozwoju-szkoly-juz-23-pazdziernika-w-akademii-humanitas\/\" \/>\n<meta property=\"og:site_name\" content=\"Akademia Humanitas\" \/>\n<meta property=\"article:modified_time\" content=\"2025-10-23T07:19:22+00:00\" \/>\n<meta property=\"og:image\" content=\"https:\/\/humanitas.edu.pl\/wp-content\/uploads\/2025\/09\/Dyrektorwww-1.jpg\" \/>\n\t<meta property=\"og:image:width\" content=\"310\" \/>\n\t<meta property=\"og:image:height\" content=\"380\" \/>\n\t<meta property=\"og:image:type\" content=\"image\/jpeg\" \/>\n<meta name=\"twitter:card\" content=\"summary_large_image\" \/>\n<meta name=\"twitter:label1\" content=\"Est. reading time\" \/>\n\t<meta name=\"twitter:data1\" content=\"4 minutes\" \/>\n<script type=\"application\/ld+json\" class=\"yoast-schema-graph\">{\"@context\":\"https:\\\/\\\/schema.org\",\"@graph\":[{\"@type\":\"WebPage\",\"@id\":\"https:\\\/\\\/humanitas.edu.pl\\\/en\\\/events-en\\\/xii-konferencja-dyrektor-liderem-tutoring-jako-droga-do-rozwoju-szkoly-juz-23-pazdziernika-w-akademii-humanitas\\\/\",\"url\":\"https:\\\/\\\/humanitas.edu.pl\\\/en\\\/events-en\\\/xii-konferencja-dyrektor-liderem-tutoring-jako-droga-do-rozwoju-szkoly-juz-23-pazdziernika-w-akademii-humanitas\\\/\",\"name\":\"XII Konferencja \u201eDyrektor Liderem \u2013 Tutoring jako droga do rozwoju szko\u0142y\u201d ju\u017c 23 pa\u017adziernika w Akademii Humanitas! - Akademia Humanitas\",\"isPartOf\":{\"@id\":\"https:\\\/\\\/humanitas.edu.pl\\\/en\\\/#website\"},\"primaryImageOfPage\":{\"@id\":\"https:\\\/\\\/humanitas.edu.pl\\\/en\\\/events-en\\\/xii-konferencja-dyrektor-liderem-tutoring-jako-droga-do-rozwoju-szkoly-juz-23-pazdziernika-w-akademii-humanitas\\\/#primaryimage\"},\"image\":{\"@id\":\"https:\\\/\\\/humanitas.edu.pl\\\/en\\\/events-en\\\/xii-konferencja-dyrektor-liderem-tutoring-jako-droga-do-rozwoju-szkoly-juz-23-pazdziernika-w-akademii-humanitas\\\/#primaryimage\"},\"thumbnailUrl\":\"https:\\\/\\\/humanitas.edu.pl\\\/wp-content\\\/uploads\\\/2025\\\/09\\\/Dyrektorwww-1.jpg\",\"datePublished\":\"2025-09-23T08:58:17+00:00\",\"dateModified\":\"2025-10-23T07:19:22+00:00\",\"description\":\"Do\u0142\u0105cz do XII Konferencji Dyrektor Liderem Humanitas i odkryj nowe mo\u017cliwo\u015bci zwi\u0105zane z tutoringiem w edukacji.\",\"breadcrumb\":{\"@id\":\"https:\\\/\\\/humanitas.edu.pl\\\/en\\\/events-en\\\/xii-konferencja-dyrektor-liderem-tutoring-jako-droga-do-rozwoju-szkoly-juz-23-pazdziernika-w-akademii-humanitas\\\/#breadcrumb\"},\"inLanguage\":\"en-US\",\"potentialAction\":[{\"@type\":\"ReadAction\",\"target\":[\"https:\\\/\\\/humanitas.edu.pl\\\/en\\\/events-en\\\/xii-konferencja-dyrektor-liderem-tutoring-jako-droga-do-rozwoju-szkoly-juz-23-pazdziernika-w-akademii-humanitas\\\/\"]}]},{\"@type\":\"ImageObject\",\"inLanguage\":\"en-US\",\"@id\":\"https:\\\/\\\/humanitas.edu.pl\\\/en\\\/events-en\\\/xii-konferencja-dyrektor-liderem-tutoring-jako-droga-do-rozwoju-szkoly-juz-23-pazdziernika-w-akademii-humanitas\\\/#primaryimage\",\"url\":\"https:\\\/\\\/humanitas.edu.pl\\\/wp-content\\\/uploads\\\/2025\\\/09\\\/Dyrektorwww-1.jpg\",\"contentUrl\":\"https:\\\/\\\/humanitas.edu.pl\\\/wp-content\\\/uploads\\\/2025\\\/09\\\/Dyrektorwww-1.jpg\",\"width\":310,\"height\":380,\"caption\":\"Plakat XII Konferencji \u201eDyrektor Liderem\u201d pod has\u0142em \u201eTutoring jako droga do rozwoju szko\u0142y\u201d, zaplanowanej na 23 pa\u017adziernika 2025 roku w Akademii Humanitas w Sosnowcu.\"},{\"@type\":\"BreadcrumbList\",\"@id\":\"https:\\\/\\\/humanitas.edu.pl\\\/en\\\/events-en\\\/xii-konferencja-dyrektor-liderem-tutoring-jako-droga-do-rozwoju-szkoly-juz-23-pazdziernika-w-akademii-humanitas\\\/#breadcrumb\",\"itemListElement\":[{\"@type\":\"ListItem\",\"position\":1,\"name\":\"Home\",\"item\":\"https:\\\/\\\/humanitas.edu.pl\\\/en\\\/\"},{\"@type\":\"ListItem\",\"position\":2,\"name\":\"Events\",\"item\":\"https:\\\/\\\/humanitas.edu.pl\\\/en\\\/wydarzenia\\\/\"},{\"@type\":\"ListItem\",\"position\":3,\"name\":\"XII Konferencja \u201eDyrektor Liderem \u2013 Tutoring jako droga do rozwoju szko\u0142y\u201d ju\u017c 23 pa\u017adziernika w Akademii Humanitas!\"}]},{\"@type\":\"WebSite\",\"@id\":\"https:\\\/\\\/humanitas.edu.pl\\\/en\\\/#website\",\"url\":\"https:\\\/\\\/humanitas.edu.pl\\\/en\\\/\",\"name\":\"Akademia Humanitas\",\"description\":\"\",\"potentialAction\":[{\"@type\":\"SearchAction\",\"target\":{\"@type\":\"EntryPoint\",\"urlTemplate\":\"https:\\\/\\\/humanitas.edu.pl\\\/en\\\/?s={search_term_string}\"},\"query-input\":{\"@type\":\"PropertyValueSpecification\",\"valueRequired\":true,\"valueName\":\"search_term_string\"}}],\"inLanguage\":\"en-US\"}]}<\/script>\n<!-- \/ Yoast SEO Premium plugin. -->","yoast_head_json":{"title":"XII Konferencja \u201eDyrektor Liderem \u2013 Tutoring jako droga do rozwoju szko\u0142y\u201d ju\u017c 23 pa\u017adziernika w Akademii Humanitas! - Akademia Humanitas","description":"Do\u0142\u0105cz do XII Konferencji Dyrektor Liderem Humanitas i odkryj nowe mo\u017cliwo\u015bci zwi\u0105zane z tutoringiem w edukacji.","robots":{"index":"index","follow":"follow","max-snippet":"max-snippet:-1","max-image-preview":"max-image-preview:large","max-video-preview":"max-video-preview:-1"},"canonical":"https:\/\/humanitas.edu.pl\/en\/events-en\/xii-konferencja-dyrektor-liderem-tutoring-jako-droga-do-rozwoju-szkoly-juz-23-pazdziernika-w-akademii-humanitas\/","og_locale":"en_US","og_type":"article","og_title":"XII Konferencja \u201eDyrektor Liderem \u2013 Tutoring jako droga do rozwoju szko\u0142y\u201d ju\u017c 23 pa\u017adziernika w Akademii Humanitas!","og_description":"Do\u0142\u0105cz do XII Konferencji Dyrektor Liderem Humanitas i odkryj nowe mo\u017cliwo\u015bci zwi\u0105zane z tutoringiem w edukacji.","og_url":"https:\/\/humanitas.edu.pl\/en\/events-en\/xii-konferencja-dyrektor-liderem-tutoring-jako-droga-do-rozwoju-szkoly-juz-23-pazdziernika-w-akademii-humanitas\/","og_site_name":"Akademia Humanitas","article_modified_time":"2025-10-23T07:19:22+00:00","og_image":[{"width":310,"height":380,"url":"https:\/\/humanitas.edu.pl\/wp-content\/uploads\/2025\/09\/Dyrektorwww-1.jpg","type":"image\/jpeg"}],"twitter_card":"summary_large_image","twitter_misc":{"Est. reading time":"4 minutes"},"schema":{"@context":"https:\/\/schema.org","@graph":[{"@type":"WebPage","@id":"https:\/\/humanitas.edu.pl\/en\/events-en\/xii-konferencja-dyrektor-liderem-tutoring-jako-droga-do-rozwoju-szkoly-juz-23-pazdziernika-w-akademii-humanitas\/","url":"https:\/\/humanitas.edu.pl\/en\/events-en\/xii-konferencja-dyrektor-liderem-tutoring-jako-droga-do-rozwoju-szkoly-juz-23-pazdziernika-w-akademii-humanitas\/","name":"XII Konferencja \u201eDyrektor Liderem \u2013 Tutoring jako droga do rozwoju szko\u0142y\u201d ju\u017c 23 pa\u017adziernika w Akademii Humanitas! - Akademia Humanitas","isPartOf":{"@id":"https:\/\/humanitas.edu.pl\/en\/#website"},"primaryImageOfPage":{"@id":"https:\/\/humanitas.edu.pl\/en\/events-en\/xii-konferencja-dyrektor-liderem-tutoring-jako-droga-do-rozwoju-szkoly-juz-23-pazdziernika-w-akademii-humanitas\/#primaryimage"},"image":{"@id":"https:\/\/humanitas.edu.pl\/en\/events-en\/xii-konferencja-dyrektor-liderem-tutoring-jako-droga-do-rozwoju-szkoly-juz-23-pazdziernika-w-akademii-humanitas\/#primaryimage"},"thumbnailUrl":"https:\/\/humanitas.edu.pl\/wp-content\/uploads\/2025\/09\/Dyrektorwww-1.jpg","datePublished":"2025-09-23T08:58:17+00:00","dateModified":"2025-10-23T07:19:22+00:00","description":"Do\u0142\u0105cz do XII Konferencji Dyrektor Liderem Humanitas i odkryj nowe mo\u017cliwo\u015bci zwi\u0105zane z tutoringiem w edukacji.","breadcrumb":{"@id":"https:\/\/humanitas.edu.pl\/en\/events-en\/xii-konferencja-dyrektor-liderem-tutoring-jako-droga-do-rozwoju-szkoly-juz-23-pazdziernika-w-akademii-humanitas\/#breadcrumb"},"inLanguage":"en-US","potentialAction":[{"@type":"ReadAction","target":["https:\/\/humanitas.edu.pl\/en\/events-en\/xii-konferencja-dyrektor-liderem-tutoring-jako-droga-do-rozwoju-szkoly-juz-23-pazdziernika-w-akademii-humanitas\/"]}]},{"@type":"ImageObject","inLanguage":"en-US","@id":"https:\/\/humanitas.edu.pl\/en\/events-en\/xii-konferencja-dyrektor-liderem-tutoring-jako-droga-do-rozwoju-szkoly-juz-23-pazdziernika-w-akademii-humanitas\/#primaryimage","url":"https:\/\/humanitas.edu.pl\/wp-content\/uploads\/2025\/09\/Dyrektorwww-1.jpg","contentUrl":"https:\/\/humanitas.edu.pl\/wp-content\/uploads\/2025\/09\/Dyrektorwww-1.jpg","width":310,"height":380,"caption":"Plakat XII Konferencji \u201eDyrektor Liderem\u201d pod has\u0142em \u201eTutoring jako droga do rozwoju szko\u0142y\u201d, zaplanowanej na 23 pa\u017adziernika 2025 roku w Akademii Humanitas w Sosnowcu."},{"@type":"BreadcrumbList","@id":"https:\/\/humanitas.edu.pl\/en\/events-en\/xii-konferencja-dyrektor-liderem-tutoring-jako-droga-do-rozwoju-szkoly-juz-23-pazdziernika-w-akademii-humanitas\/#breadcrumb","itemListElement":[{"@type":"ListItem","position":1,"name":"Home","item":"https:\/\/humanitas.edu.pl\/en\/"},{"@type":"ListItem","position":2,"name":"Events","item":"https:\/\/humanitas.edu.pl\/en\/wydarzenia\/"},{"@type":"ListItem","position":3,"name":"XII Konferencja \u201eDyrektor Liderem \u2013 Tutoring jako droga do rozwoju szko\u0142y\u201d ju\u017c 23 pa\u017adziernika w Akademii Humanitas!"}]},{"@type":"WebSite","@id":"https:\/\/humanitas.edu.pl\/en\/#website","url":"https:\/\/humanitas.edu.pl\/en\/","name":"Akademia Humanitas","description":"","potentialAction":[{"@type":"SearchAction","target":{"@type":"EntryPoint","urlTemplate":"https:\/\/humanitas.edu.pl\/en\/?s={search_term_string}"},"query-input":{"@type":"PropertyValueSpecification","valueRequired":true,"valueName":"search_term_string"}}],"inLanguage":"en-US"}]}},"_links":{"self":[{"href":"https:\/\/humanitas.edu.pl\/en\/wp-json\/wp\/v2\/events\/11403","targetHints":{"allow":["GET"]}}],"collection":[{"href":"https:\/\/humanitas.edu.pl\/en\/wp-json\/wp\/v2\/events"}],"about":[{"href":"https:\/\/humanitas.edu.pl\/en\/wp-json\/wp\/v2\/types\/events"}],"wp:featuredmedia":[{"embeddable":true,"href":"https:\/\/humanitas.edu.pl\/en\/wp-json\/wp\/v2\/media\/11506"}],"wp:attachment":[{"href":"https:\/\/humanitas.edu.pl\/en\/wp-json\/wp\/v2\/media?parent=11403"}],"wp:term":[{"taxonomy":"events-tags","embeddable":true,"href":"https:\/\/humanitas.edu.pl\/en\/wp-json\/wp\/v2\/events-tags?post=11403"}],"curies":[{"name":"wp","href":"https:\/\/api.w.org\/{rel}","templated":true}]}}